{"id":6980,"date":"2019-10-27T13:27:13","date_gmt":"2019-10-27T12:27:13","guid":{"rendered":"https:\/\/steuerportal.ch\/formations\/veranstalterprofile\/"},"modified":"2025-02-06T16:19:10","modified_gmt":"2025-02-06T15:19:10","slug":"profils-des-institutions","status":"publish","type":"page","link":"https:\/\/steuerportal.ch\/fr\/formations\/profils-des-institutions\/","title":{"rendered":"Profils des institutions"},"content":{"rendered":"<h1 class=\"wp-block-heading\" id=\"block-c245de4d-16d7-4045-9cad-f3ed38b42e4f\">Profils des institutions<\/h1><h2 class=\"wp-block-heading\" id=\"block-724b5488-efc9-4066-96b5-d04ef4f1f920\">Formation en droit fiscal et domaines connexes<\/h2><p class=\"has-gray-xlight-background-color has-background\">Brefs profils de prestataires &eacute;tablis de formation en droit fiscal et dans des domaines connexes. Vous trouverez les s&eacute;minaires actuels dans le <a href=\"https:\/\/steuerportal.ch\/fr\/formations\/apercu\/\">calendrier des &eacute;v&eacute;nements<\/a>.<\/p><div style=\"height:25px\" aria-hidden=\"true\" class=\"wp-block-spacer\"><\/div><article class=\"b-organiser-profile\" vocab=\"http:\/\/schema.org\/\" typeof=\"Organization\">\n\t<header class=\"b-organiser-profile__header\">\n\t\t\t\t\t\t<h3 class=\"b-organiser-profile__title\" itemprop=\"brand\">\n\t\t\t\t\t<a href=\"https:\/\/steuerportal.ch\/fr\/formations\/profils-des-institutions\/cosmos-bildung\/\" itemprop=\"url\">\n\t\t\t\t\t\t<span itemprop=\"name\">Cosmos Verlag (Fachmedien &amp; Bildung)<\/span>\n\t\t\t\t\t<\/a>\n\t\t\t\t<\/h3>\n\t\t\t\t\t\t<aside class=\"b-organiser-profile__metas\">\n\t\t\t\t\t\t\t\t\t<div class=\"b-organiser-profile__meta b-organiser-profile__meta--makesoffer\" itemprop=\"makesOffer\">Kurse und Seminare<\/div>\n\t\t\t\t\t\t\t\t\t<div class=\"b-organiser-profile__meta b-organiser-profile__meta--location\" itemprop=\"location\">Ganze Schweiz<\/div>\n\t\t\t\t\t\t\t<\/aside>\n\t\t\t\t<\/header>\n\t\t\t<div class=\"b-organiser-profile__content\">\n\t\t\t<p>Praxisnahe Weiterbildung in den Bereichen Finanzen, Recht und Steuern. <\/p>\n\t\t<\/div>\n\t\t\t\t<div class=\"b-organiser-profile__meta b-organiser-profile__meta--url\"><a href=\"https:\/\/steuerportal.ch\/fr\/formations\/profils-des-institutions\/cosmos-bildung\/\" itemprop=\"url\">Voir le profil<\/a><\/div>\n\t<\/article><div style=\"height:15px\" aria-hidden=\"true\" class=\"wp-block-spacer\"><\/div><article class=\"b-organiser-profile\" vocab=\"http:\/\/schema.org\/\" typeof=\"Organization\">\n\t<header class=\"b-organiser-profile__header\">\n\t\t\t\t\t\t<h3 class=\"b-organiser-profile__title\" itemprop=\"brand\">\n\t\t\t\t\t<a href=\"https:\/\/steuerportal.ch\/fr\/formations\/profils-des-institutions\/kalaidos-fachhochschule-schweiz\/\" itemprop=\"url\">\n\t\t\t\t\t\t<span itemprop=\"name\">Kalaidos Fachhochschule Schweiz<\/span>\n\t\t\t\t\t<\/a>\n\t\t\t\t<\/h3>\n\t\t\t\t\t\t<aside class=\"b-organiser-profile__metas\">\n\t\t\t\t\t\t\t\t\t<div class=\"b-organiser-profile__meta b-organiser-profile__meta--makesoffer\" itemprop=\"makesOffer\">Studieng&auml;nge<\/div>\n\t\t\t\t\t\t\t\t\t<div class=\"b-organiser-profile__meta b-organiser-profile__meta--location\" itemprop=\"location\">Z&uuml;rich<\/div>\n\t\t\t\t\t\t\t<\/aside>\n\t\t\t\t<\/header>\n\t\t\t<div class=\"b-organiser-profile__content\">\n\t\t\t<p>Praxisnahe Studieng&auml;nge im Bereich des Steuerwesens und Zollrechts.<\/p>\n\t\t<\/div>\n\t\t\t\t<div class=\"b-organiser-profile__meta b-organiser-profile__meta--url\"><a href=\"https:\/\/steuerportal.ch\/fr\/formations\/profils-des-institutions\/kalaidos-fachhochschule-schweiz\/\" itemprop=\"url\">Voir le profil<\/a><\/div>\n\t<\/article><div style=\"height:15px\" aria-hidden=\"true\" class=\"wp-block-spacer\"><\/div><article class=\"b-organiser-profile\" vocab=\"http:\/\/schema.org\/\" typeof=\"Organization\">\n\t<header class=\"b-organiser-profile__header\">\n\t\t\t\t\t\t<h3 class=\"b-organiser-profile__title\" itemprop=\"brand\">\n\t\t\t\t\t<a href=\"https:\/\/steuerportal.ch\/fr\/formations\/profils-des-institutions\/institut-fuer-schweizerisches-und-internationales-steuerrecht\/\" itemprop=\"url\">\n\t\t\t\t\t\t<span itemprop=\"name\">ISIS)<\/span>\n\t\t\t\t\t<\/a>\n\t\t\t\t<\/h3>\n\t\t\t\t\t\t<aside class=\"b-organiser-profile__metas\">\n\t\t\t\t\t\t\t\t\t<div class=\"b-organiser-profile__meta b-organiser-profile__meta--makesoffer\" itemprop=\"makesOffer\">Seminare<\/div>\n\t\t\t\t\t\t\t\t\t<div class=\"b-organiser-profile__meta b-organiser-profile__meta--location\" itemprop=\"location\">Ganze Schweiz<\/div>\n\t\t\t\t\t\t\t<\/aside>\n\t\t\t\t<\/header>\n\t\t\t<div class=\"b-organiser-profile__content\">\n\t\t\t<p>Das Institut f&uuml;r Schweizerisches und Internationales Steuerrecht ISIS bietet Seminare zur theoretischen und praxisbezogenen Weiterbildung im Steuerrecht an. <\/p>\n\t\t<\/div>\n\t\t\t\t<div class=\"b-organiser-profile__meta b-organiser-profile__meta--url\"><a href=\"https:\/\/steuerportal.ch\/fr\/formations\/profils-des-institutions\/institut-fuer-schweizerisches-und-internationales-steuerrecht\/\" itemprop=\"url\">Voir le profil<\/a><\/div>\n\t<\/article><div style=\"height:15px\" aria-hidden=\"true\" class=\"wp-block-spacer\"><\/div><article class=\"b-organiser-profile\" vocab=\"http:\/\/schema.org\/\" typeof=\"Organization\">\n\t<header class=\"b-organiser-profile__header\">\n\t\t\t\t\t\t<h3 class=\"b-organiser-profile__title\" itemprop=\"brand\">\n\t\t\t\t\t<a href=\"https:\/\/steuerportal.ch\/fr\/formations\/profils-des-institutions\/neue-zuercher-steuerkonferenz\/\" itemprop=\"url\">\n\t\t\t\t\t\t<span itemprop=\"name\">Neue Z&uuml;rcher Steuerkonferenz<\/span>\n\t\t\t\t\t<\/a>\n\t\t\t\t<\/h3>\n\t\t\t\t\t\t<aside class=\"b-organiser-profile__metas\">\n\t\t\t\t\t\t\t\t\t<div class=\"b-organiser-profile__meta b-organiser-profile__meta--makesoffer\" itemprop=\"makesOffer\">Konferenz<\/div>\n\t\t\t\t\t\t\t\t\t<div class=\"b-organiser-profile__meta b-organiser-profile__meta--location\" itemprop=\"location\">Z&uuml;rich, online<\/div>\n\t\t\t\t\t\t\t<\/aside>\n\t\t\t\t<\/header>\n\t\t\t<div class=\"b-organiser-profile__content\">\n\t\t\t<p>Spannende Perspektivwechsel zwischen Beratung, Verwaltung und Unternehmen an der j&auml;hrlichen NZSK.<\/p>\n\t\t<\/div>\n\t\t\t\t<div class=\"b-organiser-profile__meta b-organiser-profile__meta--url\"><a href=\"https:\/\/steuerportal.ch\/fr\/formations\/profils-des-institutions\/neue-zuercher-steuerkonferenz\/\" itemprop=\"url\">Voir le profil<\/a><\/div>\n\t<\/article><div style=\"height:15px\" aria-hidden=\"true\" class=\"wp-block-spacer\"><\/div><article class=\"b-organiser-profile\" vocab=\"http:\/\/schema.org\/\" typeof=\"Organization\">\n\t<header class=\"b-organiser-profile__header\">\n\t\t\t\t\t\t<h3 class=\"b-organiser-profile__title\" itemprop=\"brand\">\n\t\t\t\t\t<a href=\"https:\/\/steuerportal.ch\/fr\/formations\/profils-des-institutions\/treuhandsuisse\/\" itemprop=\"url\">\n\t\t\t\t\t\t<span itemprop=\"name\">TREUHAND|SUISSE<\/span>\n\t\t\t\t\t<\/a>\n\t\t\t\t<\/h3>\n\t\t\t\t\t\t<aside class=\"b-organiser-profile__metas\">\n\t\t\t\t\t\t\t\t\t<div class=\"b-organiser-profile__meta b-organiser-profile__meta--makesoffer\" itemprop=\"makesOffer\">Seminare<\/div>\n\t\t\t\t\t\t\t\t\t<div class=\"b-organiser-profile__meta b-organiser-profile__meta--location\" itemprop=\"location\">Ganze Schweiz<\/div>\n\t\t\t\t\t\t\t<\/aside>\n\t\t\t\t<\/header>\n\t\t\t<div class=\"b-organiser-profile__content\">\n\t\t\t<p>TREUHAND|SUISSE verk&ouml;rpert die kompetente, in Politik, Wirtschaft und Verwaltung anerkannte nationale Interessenvertretung des Treuhandwesens Schweiz.<\/p>\n\t\t<\/div>\n\t\t\t\t<div class=\"b-organiser-profile__meta b-organiser-profile__meta--url\"><a href=\"https:\/\/steuerportal.ch\/fr\/formations\/profils-des-institutions\/treuhandsuisse\/\" itemprop=\"url\">Voir le profil<\/a><\/div>\n\t<\/article><div style=\"height:15px\" aria-hidden=\"true\" class=\"wp-block-spacer\"><\/div><article class=\"b-organiser-profile\" vocab=\"http:\/\/schema.org\/\" typeof=\"Organization\">\n\t<header class=\"b-organiser-profile__header\">\n\t\t\t\t\t\t<h3 class=\"b-organiser-profile__title\" itemprop=\"brand\">\n\t\t\t\t\t<a href=\"https:\/\/steuerportal.ch\/fr\/formations\/profils-des-institutions\/expertsuisse\/\" itemprop=\"url\">\n\t\t\t\t\t\t<span itemprop=\"name\">EXPERTsuisse SA<\/span>\n\t\t\t\t\t<\/a>\n\t\t\t\t<\/h3>\n\t\t\t\t\t\t<aside class=\"b-organiser-profile__metas\">\n\t\t\t\t\t\t\t\t\t<div class=\"b-organiser-profile__meta b-organiser-profile__meta--makesoffer\" itemprop=\"makesOffer\">Cours et s&eacute;minaire<\/div>\n\t\t\t\t\t\t\t\t\t<div class=\"b-organiser-profile__meta b-organiser-profile__meta--location\" itemprop=\"location\">Toute la Suisse<\/div>\n\t\t\t\t\t\t\t<\/aside>\n\t\t\t\t<\/header>\n\t\t\t<div class=\"b-organiser-profile__content\">\n\t\t\t<p>EXPERTsuisse est l&rsquo;association suisse des experts en audit, fiscalit&eacute; et fiduciaire. Nous formons, certifions, soutenons et repr&eacute;sentons nos membres depuis 1923.<\/p>\n\t\t<\/div>\n\t\t\t\t<div class=\"b-organiser-profile__meta b-organiser-profile__meta--url\"><a href=\"https:\/\/steuerportal.ch\/fr\/formations\/profils-des-institutions\/expertsuisse\/\" itemprop=\"url\">Voir le profil<\/a><\/div>\n\t<\/article>\n","protected":false},"excerpt":{"rendered":"<p>Profils des institutions Formation en droit fiscal et domaines connexes Brefs profils de prestataires &eacute;tablis de formation en droit fiscal et dans des domaines connexes. Vous trouverez les s&eacute;minaires actuels dans le calendrier des &eacute;v&eacute;nements.<\/p>\n","protected":false},"author":3,"featured_media":0,"parent":6909,"menu_order":2,"comment_status":"closed","ping_status":"closed","template":"","meta":{"_acf_changed":false,"footnotes":""},"class_list":["post-6980","page","type-page","status-publish","hentry"],"acf":[],"yoast_head":"<!-- This site is optimized with the Yoast SEO plugin v27.5 - https:\/\/yoast.com\/product\/yoast-seo-wordpress\/ -->\n<title>Bildungsanbieter Steuerrecht &#8226; Profils des institutions &#8226; steuerportal.ch<\/title>\n<meta name=\"description\" content=\"Bildungsanbieter Steuerrecht: Universit\u00e4ten, Fachhochschulen, Organisationen und Verb\u00e4nde, die Lehrg\u00e4nge, Kurse und Seminare im Steuerrecht anbieten.\" \/>\n<meta name=\"robots\" content=\"index, follow, max-snippet:-1, max-image-preview:large, max-video-preview:-1\" \/>\n<link rel=\"canonical\" href=\"https:\/\/steuerportal.ch\/fr\/formations\/profils-des-institutions\/\" \/>\n<meta property=\"og:locale\" content=\"fr_FR\" \/>\n<meta property=\"og:type\" content=\"article\" \/>\n<meta property=\"og:title\" content=\"Bildungsanbieter Steuerrecht &#8226; Profils des institutions &#8226; steuerportal.ch\" \/>\n<meta property=\"og:description\" content=\"Bildungsanbieter Steuerrecht: Universit\u00e4ten, Fachhochschulen, Organisationen und Verb\u00e4nde, die Lehrg\u00e4nge, Kurse und Seminare im Steuerrecht anbieten.\" \/>\n<meta property=\"og:url\" content=\"https:\/\/steuerportal.ch\/fr\/formations\/profils-des-institutions\/\" \/>\n<meta property=\"og:site_name\" content=\"steuerportal.ch\" \/>\n<meta property=\"article:modified_time\" content=\"2025-02-06T15:19:10+00:00\" \/>\n<meta name=\"twitter:card\" content=\"summary_large_image\" \/>\n<meta name=\"twitter:label1\" content=\"Dur\u00e9e de lecture estim\u00e9e\" \/>\n\t<meta name=\"twitter:data1\" content=\"1 minute\" \/>\n<script type=\"application\/ld+json\" class=\"yoast-schema-graph\">{\"@context\":\"https:\\\/\\\/schema.org\",\"@graph\":[{\"@type\":\"WebPage\",\"@id\":\"https:\\\/\\\/steuerportal.ch\\\/fr\\\/formations\\\/profils-des-institutions\\\/\",\"url\":\"https:\\\/\\\/steuerportal.ch\\\/fr\\\/formations\\\/profils-des-institutions\\\/\",\"name\":\"Bildungsanbieter Steuerrecht &#8226; Profils des institutions &#8226; steuerportal.ch\",\"isPartOf\":{\"@id\":\"https:\\\/\\\/steuerportal.ch\\\/fr\\\/#website\"},\"datePublished\":\"2019-10-27T12:27:13+00:00\",\"dateModified\":\"2025-02-06T15:19:10+00:00\",\"description\":\"Bildungsanbieter Steuerrecht: Universit\u00e4ten, Fachhochschulen, Organisationen und Verb\u00e4nde, die Lehrg\u00e4nge, Kurse und Seminare im Steuerrecht anbieten.\",\"breadcrumb\":{\"@id\":\"https:\\\/\\\/steuerportal.ch\\\/fr\\\/formations\\\/profils-des-institutions\\\/#breadcrumb\"},\"inLanguage\":\"fr-FR\",\"potentialAction\":[{\"@type\":\"ReadAction\",\"target\":[\"https:\\\/\\\/steuerportal.ch\\\/fr\\\/formations\\\/profils-des-institutions\\\/\"]}]},{\"@type\":\"BreadcrumbList\",\"@id\":\"https:\\\/\\\/steuerportal.ch\\\/fr\\\/formations\\\/profils-des-institutions\\\/#breadcrumb\",\"itemListElement\":[{\"@type\":\"ListItem\",\"position\":1,\"name\":\"Page d'accueil\",\"item\":\"https:\\\/\\\/steuerportal.ch\\\/fr\\\/\"},{\"@type\":\"ListItem\",\"position\":2,\"name\":\"Formations\",\"item\":\"https:\\\/\\\/steuerportal.ch\\\/fr\\\/formations\\\/\"},{\"@type\":\"ListItem\",\"position\":3,\"name\":\"Profils des institutions\"}]},{\"@type\":\"WebSite\",\"@id\":\"https:\\\/\\\/steuerportal.ch\\\/fr\\\/#website\",\"url\":\"https:\\\/\\\/steuerportal.ch\\\/fr\\\/\",\"name\":\"steuerportal.ch\",\"description\":\"Le portail suisse sp\u00e9cialis\u00e9 dans le domaine des imp\u00f4ts\",\"publisher\":{\"@id\":\"https:\\\/\\\/steuerportal.ch\\\/fr\\\/#organization\"},\"potentialAction\":[{\"@type\":\"SearchAction\",\"target\":{\"@type\":\"EntryPoint\",\"urlTemplate\":\"https:\\\/\\\/steuerportal.ch\\\/fr\\\/?s={search_term_string}\"},\"query-input\":{\"@type\":\"PropertyValueSpecification\",\"valueRequired\":true,\"valueName\":\"search_term_string\"}}],\"inLanguage\":\"fr-FR\"},{\"@type\":\"Organization\",\"@id\":\"https:\\\/\\\/steuerportal.ch\\\/fr\\\/#organization\",\"name\":\"Steuerportal (Cosmos Verlag)\",\"url\":\"https:\\\/\\\/steuerportal.ch\\\/fr\\\/\",\"logo\":{\"@type\":\"ImageObject\",\"inLanguage\":\"fr-FR\",\"@id\":\"https:\\\/\\\/steuerportal.ch\\\/fr\\\/#\\\/schema\\\/logo\\\/image\\\/\",\"url\":\"https:\\\/\\\/steuerportal.ch\\\/wp-content\\\/uploads\\\/2021\\\/06\\\/cosmos_c-strich_h_positiv_bunt.svg\",\"contentUrl\":\"https:\\\/\\\/steuerportal.ch\\\/wp-content\\\/uploads\\\/2021\\\/06\\\/cosmos_c-strich_h_positiv_bunt.svg\",\"width\":191,\"height\":44,\"caption\":\"Steuerportal (Cosmos Verlag)\"},\"image\":{\"@id\":\"https:\\\/\\\/steuerportal.ch\\\/fr\\\/#\\\/schema\\\/logo\\\/image\\\/\"}}]}<\/script>\n<!-- \/ Yoast SEO plugin. -->","yoast_head_json":{"title":"Bildungsanbieter Steuerrecht &#8226; Profils des institutions &#8226; steuerportal.ch","description":"Bildungsanbieter Steuerrecht: Universit\u00e4ten, Fachhochschulen, Organisationen und Verb\u00e4nde, die Lehrg\u00e4nge, Kurse und Seminare im Steuerrecht anbieten.","robots":{"index":"index","follow":"follow","max-snippet":"max-snippet:-1","max-image-preview":"max-image-preview:large","max-video-preview":"max-video-preview:-1"},"canonical":"https:\/\/steuerportal.ch\/fr\/formations\/profils-des-institutions\/","og_locale":"fr_FR","og_type":"article","og_title":"Bildungsanbieter Steuerrecht &#8226; Profils des institutions &#8226; steuerportal.ch","og_description":"Bildungsanbieter Steuerrecht: Universit\u00e4ten, Fachhochschulen, Organisationen und Verb\u00e4nde, die Lehrg\u00e4nge, Kurse und Seminare im Steuerrecht anbieten.","og_url":"https:\/\/steuerportal.ch\/fr\/formations\/profils-des-institutions\/","og_site_name":"steuerportal.ch","article_modified_time":"2025-02-06T15:19:10+00:00","twitter_card":"summary_large_image","twitter_misc":{"Dur\u00e9e de lecture estim\u00e9e":"1 minute"},"schema":{"@context":"https:\/\/schema.org","@graph":[{"@type":"WebPage","@id":"https:\/\/steuerportal.ch\/fr\/formations\/profils-des-institutions\/","url":"https:\/\/steuerportal.ch\/fr\/formations\/profils-des-institutions\/","name":"Bildungsanbieter Steuerrecht &#8226; Profils des institutions &#8226; steuerportal.ch","isPartOf":{"@id":"https:\/\/steuerportal.ch\/fr\/#website"},"datePublished":"2019-10-27T12:27:13+00:00","dateModified":"2025-02-06T15:19:10+00:00","description":"Bildungsanbieter Steuerrecht: Universit\u00e4ten, Fachhochschulen, Organisationen und Verb\u00e4nde, die Lehrg\u00e4nge, Kurse und Seminare im Steuerrecht anbieten.","breadcrumb":{"@id":"https:\/\/steuerportal.ch\/fr\/formations\/profils-des-institutions\/#breadcrumb"},"inLanguage":"fr-FR","potentialAction":[{"@type":"ReadAction","target":["https:\/\/steuerportal.ch\/fr\/formations\/profils-des-institutions\/"]}]},{"@type":"BreadcrumbList","@id":"https:\/\/steuerportal.ch\/fr\/formations\/profils-des-institutions\/#breadcrumb","itemListElement":[{"@type":"ListItem","position":1,"name":"Page d'accueil","item":"https:\/\/steuerportal.ch\/fr\/"},{"@type":"ListItem","position":2,"name":"Formations","item":"https:\/\/steuerportal.ch\/fr\/formations\/"},{"@type":"ListItem","position":3,"name":"Profils des institutions"}]},{"@type":"WebSite","@id":"https:\/\/steuerportal.ch\/fr\/#website","url":"https:\/\/steuerportal.ch\/fr\/","name":"steuerportal.ch","description":"Le portail suisse sp\u00e9cialis\u00e9 dans le domaine des imp\u00f4ts","publisher":{"@id":"https:\/\/steuerportal.ch\/fr\/#organization"},"potentialAction":[{"@type":"SearchAction","target":{"@type":"EntryPoint","urlTemplate":"https:\/\/steuerportal.ch\/fr\/?s={search_term_string}"},"query-input":{"@type":"PropertyValueSpecification","valueRequired":true,"valueName":"search_term_string"}}],"inLanguage":"fr-FR"},{"@type":"Organization","@id":"https:\/\/steuerportal.ch\/fr\/#organization","name":"Steuerportal (Cosmos Verlag)","url":"https:\/\/steuerportal.ch\/fr\/","logo":{"@type":"ImageObject","inLanguage":"fr-FR","@id":"https:\/\/steuerportal.ch\/fr\/#\/schema\/logo\/image\/","url":"https:\/\/steuerportal.ch\/wp-content\/uploads\/2021\/06\/cosmos_c-strich_h_positiv_bunt.svg","contentUrl":"https:\/\/steuerportal.ch\/wp-content\/uploads\/2021\/06\/cosmos_c-strich_h_positiv_bunt.svg","width":191,"height":44,"caption":"Steuerportal (Cosmos Verlag)"},"image":{"@id":"https:\/\/steuerportal.ch\/fr\/#\/schema\/logo\/image\/"}}]}},"_links":{"self":[{"href":"https:\/\/steuerportal.ch\/fr\/wp-json\/wp\/v2\/pages\/6980","targetHints":{"allow":["GET"]}}],"collection":[{"href":"https:\/\/steuerportal.ch\/fr\/wp-json\/wp\/v2\/pages"}],"about":[{"href":"https:\/\/steuerportal.ch\/fr\/wp-json\/wp\/v2\/types\/page"}],"author":[{"embeddable":true,"href":"https:\/\/steuerportal.ch\/fr\/wp-json\/wp\/v2\/users\/3"}],"replies":[{"embeddable":true,"href":"https:\/\/steuerportal.ch\/fr\/wp-json\/wp\/v2\/comments?post=6980"}],"version-history":[{"count":9,"href":"https:\/\/steuerportal.ch\/fr\/wp-json\/wp\/v2\/pages\/6980\/revisions"}],"predecessor-version":[{"id":24606,"href":"https:\/\/steuerportal.ch\/fr\/wp-json\/wp\/v2\/pages\/6980\/revisions\/24606"}],"up":[{"embeddable":true,"href":"https:\/\/steuerportal.ch\/fr\/wp-json\/wp\/v2\/pages\/6909"}],"wp:attachment":[{"href":"https:\/\/steuerportal.ch\/fr\/wp-json\/wp\/v2\/media?parent=6980"}],"curies":[{"name":"wp","href":"https:\/\/api.w.org\/{rel}","templated":true}]}}