{"id":6910,"date":"2019-10-27T13:23:29","date_gmt":"2019-10-27T12:23:29","guid":{"rendered":"https:\/\/steuerportal.ch\/aus-weiterbildung\/uebersicht\/"},"modified":"2024-04-01T12:20:41","modified_gmt":"2024-04-01T10:20:41","slug":"apercu","status":"publish","type":"page","link":"https:\/\/steuerportal.ch\/fr\/formations\/apercu\/","title":{"rendered":"Calendrier d\u2019\u00e9v\u00e9nements"},"content":{"rendered":"<div class=\"wp-block-columns alignwide is-layout-flex wp-container-core-columns-is-layout-28f84493 wp-block-columns-is-layout-flex\">\n<div class=\"wp-block-column is-layout-flow wp-block-column-is-layout-flow\">\n<h2 class=\"wp-block-heading\">Formations<\/h2>\n\n\n\n<p>Dans notre<strong> <\/strong>calendrier d&rsquo;&eacute;v&eacute;nements, vous trouverez des s&eacute;minaires, des conf&eacute;rences, des cours et des programmes d&rsquo;&eacute;tudes pour les personnes travaillant dans le secteur fiscal et fiduciaire.<\/p>\n\n\n\n<p>Le lien &laquo;&nbsp;En d&eacute;tail&nbsp;&raquo; vous m&egrave;nera au site web de l&rsquo;institution ou ouvrira un document PDF contenant des informations d&eacute;taill&eacute;es.<\/p>\n\n\n\n<p>Pour prestataires: <a href=\"https:\/\/steuerportal.ch\/fr\/formations\/pour-prestataires\/\">Saisir un &eacute;v&eacute;nement<\/a><\/p>\n<\/div>\n\n\n\n<div class=\"wp-block-column is-layout-flow wp-block-column-is-layout-flow\">\n<h2 class=\"wp-block-heading\">Profils des institutions<\/h2>\n\n\n\n<p>Des institutions qui proposent des formations en droit fiscal et dans les domaines connexes peuvent &ecirc;tre trouv&eacute;es ici:<\/p>\n\n\n\n<div class=\"wp-block-sht-link b-link is-style-left\"><a class=\"b-link__button\" href=\"https:\/\/steuerportal.ch\/fr\/formations\/profils-des-institutions\/\">Profils des institutions<\/a><\/div>\n<\/div>\n<\/div><section class=\"b-sht_event-latest alignwide\" data-observe-sizes data-breakpoints='{\"size--compact\":0,\"size--medium\":530,\"size--full\":668}'>\n\t\t\t<div class=\"b-sht_event-latest__inner\">\n\t\t\t<table class=\"b-sht_event-latest__entries\">\n\t\t\t\t<thead class=\"b-sht_event-latest__entrieshead\">\n\t\t\t\t\t<tr class=\"b-sht_event-latest__entriesheadrow\">\n\t\t\t\t\t\t<th class=\"b-sht_event-latest__entriesheadlabel\">D&eacute;but<\/th>\n\t\t\t\t\t\t<th class=\"b-sht_event-latest__entriesheadlabel\">Titre<\/th>\n\t\t\t\t\t\t<th class=\"b-sht_event-latest__entriesheadlabel\">Institution<\/th>\n\t\t\t\t\t\t<th class=\"b-sht_event-latest__entriesheadlabel\">Prix<\/th>\n\t\t\t\t\t\t<th class=\"b-sht_event-latest__entriesheadlabel\">Dur&eacute;e<\/th>\n\t\t\t\t\t\t<th class=\"b-sht_event-latest__entriesheadlabel\">Plus<\/th>\n\t\t\t\t\t<\/tr>\n\t\t\t\t<\/thead>\n\t\t\t\t<tbody>\n\t\t\t\t\t\t\t\t\t\t\t<tr class=\"b-sht_event-latest__entry\">\n\t\t\t\t\t\t\t<td class=\"b-sht_event-latest__entrymeta b-sht_event-latest__entrymeta--start_date\"><span class=\"b-sht_event-latest__celllabel\">D&eacute;but: <\/span>07\/05\/2026<\/td>\n\t\t\t\t\t\t\t<td class=\"b-sht_event-latest__entrymeta b-sht_event-latest__entrymeta--title\">\n\t\t\t\t\t\t\t\t<h3 class=\"b-sht_event-latest__entrytitle\">\n\t\t\t\t\t\t\t\t\tSIFER &ndash; Webinar: Aktuelles aus der Gerichtspraxis f&uuml;r KMU-Revisionsstellen\t\t\t\t\t\t\t\t<\/h3>\n\t\t\t\t\t\t\t<\/td>\n\t\t\t\t\t\t\t<td class=\"b-sht_event-latest__entrymeta b-sht_event-latest__entrymeta--author\"><span class=\"b-sht_event-latest__celllabel\">\n\t\t\t\t\t\t\t\t\tOrganisateur: <\/span>\n\t\t\t\t\t\t\t\tTREUHAND|SUISSE Schweizerischer Treuh&auml;nderverband\t\t\t\t\t\t\t<\/td>\n\t\t\t\t\t\t\t<td class=\"b-sht_event-latest__entrymeta b-sht_event-latest__entrymeta--price\"><span class=\"b-sht_event-latest__celllabel\">Prix: <\/span>490.00 CHF<\/td>\n\t\t\t\t\t\t\t<td class=\"b-sht_event-latest__entrymeta b-sht_event-latest__entrymeta--duration\"><span class=\"b-sht_event-latest__celllabel\">Dur&eacute;e: <\/span>4 Std.<\/td>\n\t\t\t\t\t\t\t<td class=\"b-sht_event-latest__entrymeta b-sht_event-latest__entrymeta--more\">\n\t\t\t\t\t\t\t\t\t\t\t\t\t\t\t\t\t<a class=\"b-sht_event-latest__entrytitlelink\" href=\"https:\/\/www.treuhandsuisse.ch\/education\/2026-aktuelles-aus-der-gerichtspraxis-fur-kmu-revisionsstellen\">En d&eacute;tail<\/a>\n\t\t\t\t\t\t\t\t\t\t\t\t\t\t\t<\/td>\n\t\t\t\t\t\t<\/tr>\n\t\t\t\t\t\t\t\t\t\t\t\t<tr class=\"b-sht_event-latest__entry\">\n\t\t\t\t\t\t\t<td class=\"b-sht_event-latest__entrymeta b-sht_event-latest__entrymeta--start_date\"><span class=\"b-sht_event-latest__celllabel\">D&eacute;but: <\/span>07\/05\/2026<\/td>\n\t\t\t\t\t\t\t<td class=\"b-sht_event-latest__entrymeta b-sht_event-latest__entrymeta--title\">\n\t\t\t\t\t\t\t\t<h3 class=\"b-sht_event-latest__entrytitle\">\n\t\t\t\t\t\t\t\t\tErb- und Steuerrechtliche Planung\t\t\t\t\t\t\t\t<\/h3>\n\t\t\t\t\t\t\t<\/td>\n\t\t\t\t\t\t\t<td class=\"b-sht_event-latest__entrymeta b-sht_event-latest__entrymeta--author\"><span class=\"b-sht_event-latest__celllabel\">\n\t\t\t\t\t\t\t\t\tOrganisateur: <\/span>\n\t\t\t\t\t\t\t\tTREUHAND|SUISSE Sektion Z&uuml;rich Sektion Z&uuml;rich\t\t\t\t\t\t\t<\/td>\n\t\t\t\t\t\t\t<td class=\"b-sht_event-latest__entrymeta b-sht_event-latest__entrymeta--price\"><span class=\"b-sht_event-latest__celllabel\">Prix: <\/span>390.00 CHF<\/td>\n\t\t\t\t\t\t\t<td class=\"b-sht_event-latest__entrymeta b-sht_event-latest__entrymeta--duration\"><span class=\"b-sht_event-latest__celllabel\">Dur&eacute;e: <\/span>0.50 Tage<\/td>\n\t\t\t\t\t\t\t<td class=\"b-sht_event-latest__entrymeta b-sht_event-latest__entrymeta--more\">\n\t\t\t\t\t\t\t\t\t\t\t\t\t\t\t\t\t<a class=\"b-sht_event-latest__entrytitlelink\" href=\"https:\/\/www.treuhandsuisse-zh.ch\/education\/2026-erb-und-steuerrechtliche-planung\">En d&eacute;tail<\/a>\n\t\t\t\t\t\t\t\t\t\t\t\t\t\t\t<\/td>\n\t\t\t\t\t\t<\/tr>\n\t\t\t\t\t\t\t\t\t\t\t\t<tr class=\"b-sht_event-latest__entry\">\n\t\t\t\t\t\t\t<td class=\"b-sht_event-latest__entrymeta b-sht_event-latest__entrymeta--start_date\"><span class=\"b-sht_event-latest__celllabel\">D&eacute;but: <\/span>12\/05\/2026<\/td>\n\t\t\t\t\t\t\t<td class=\"b-sht_event-latest__entrymeta b-sht_event-latest__entrymeta--title\">\n\t\t\t\t\t\t\t\t<h3 class=\"b-sht_event-latest__entrytitle\">\n\t\t\t\t\t\t\t\t\tS&eacute;minaire TVA 2026\t\t\t\t\t\t\t\t<\/h3>\n\t\t\t\t\t\t\t<\/td>\n\t\t\t\t\t\t\t<td class=\"b-sht_event-latest__entrymeta b-sht_event-latest__entrymeta--author\"><span class=\"b-sht_event-latest__celllabel\">\n\t\t\t\t\t\t\t\t\tOrganisateur: <\/span>\n\t\t\t\t\t\t\t\tEXPERTsuisse AG\t\t\t\t\t\t\t<\/td>\n\t\t\t\t\t\t\t<td class=\"b-sht_event-latest__entrymeta b-sht_event-latest__entrymeta--price\"><span class=\"b-sht_event-latest__celllabel\">Prix: <\/span>730.00 CHF<\/td>\n\t\t\t\t\t\t\t<td class=\"b-sht_event-latest__entrymeta b-sht_event-latest__entrymeta--duration\"><span class=\"b-sht_event-latest__celllabel\">Dur&eacute;e: <\/span>8 h<\/td>\n\t\t\t\t\t\t\t<td class=\"b-sht_event-latest__entrymeta b-sht_event-latest__entrymeta--more\">\n\t\t\t\t\t\t\t\t\t\t\t\t\t\t\t\t\t<a class=\"b-sht_event-latest__entrytitlelink\" href=\"https:\/\/expertsuisse.ch\/fr\/formations-continues\/2026\/05\/seminaire-tva-2026-seminaire-de-la-commission-technique-impots\/10651\">En d&eacute;tail<\/a>\n\t\t\t\t\t\t\t\t\t\t\t\t\t\t\t<\/td>\n\t\t\t\t\t\t<\/tr>\n\t\t\t\t\t\t\t\t\t\t\t\t<tr class=\"b-sht_event-latest__entry\">\n\t\t\t\t\t\t\t<td class=\"b-sht_event-latest__entrymeta b-sht_event-latest__entrymeta--start_date\"><span class=\"b-sht_event-latest__celllabel\">D&eacute;but: <\/span>19\/05\/2026<\/td>\n\t\t\t\t\t\t\t<td class=\"b-sht_event-latest__entrymeta b-sht_event-latest__entrymeta--title\">\n\t\t\t\t\t\t\t\t<h3 class=\"b-sht_event-latest__entrytitle\">\n\t\t\t\t\t\t\t\t\tSIFER &ndash; Lunch-Seminar: Opting-out in der Praxis\t\t\t\t\t\t\t\t<\/h3>\n\t\t\t\t\t\t\t<\/td>\n\t\t\t\t\t\t\t<td class=\"b-sht_event-latest__entrymeta b-sht_event-latest__entrymeta--author\"><span class=\"b-sht_event-latest__celllabel\">\n\t\t\t\t\t\t\t\t\tOrganisateur: <\/span>\n\t\t\t\t\t\t\t\tTREUHAND|SUISSE Schweizerischer Treuh&auml;nderverband\t\t\t\t\t\t\t<\/td>\n\t\t\t\t\t\t\t<td class=\"b-sht_event-latest__entrymeta b-sht_event-latest__entrymeta--price\"><span class=\"b-sht_event-latest__celllabel\">Prix: <\/span>150.00 CHF<\/td>\n\t\t\t\t\t\t\t<td class=\"b-sht_event-latest__entrymeta b-sht_event-latest__entrymeta--duration\"><span class=\"b-sht_event-latest__celllabel\">Dur&eacute;e: <\/span>1 Std.<\/td>\n\t\t\t\t\t\t\t<td class=\"b-sht_event-latest__entrymeta b-sht_event-latest__entrymeta--more\">\n\t\t\t\t\t\t\t\t\t\t\t\t\t\t\t\t\t<a class=\"b-sht_event-latest__entrytitlelink\" href=\"https:\/\/www.treuhandsuisse.ch\/education\/2026-sifer-lunch-webinare-19052026\">En d&eacute;tail<\/a>\n\t\t\t\t\t\t\t\t\t\t\t\t\t\t\t<\/td>\n\t\t\t\t\t\t<\/tr>\n\t\t\t\t\t\t\t\t\t\t\t\t<tr class=\"b-sht_event-latest__entry\">\n\t\t\t\t\t\t\t<td class=\"b-sht_event-latest__entrymeta b-sht_event-latest__entrymeta--start_date\"><span class=\"b-sht_event-latest__celllabel\">D&eacute;but: <\/span>19\/05\/2026<\/td>\n\t\t\t\t\t\t\t<td class=\"b-sht_event-latest__entrymeta b-sht_event-latest__entrymeta--title\">\n\t\t\t\t\t\t\t\t<h3 class=\"b-sht_event-latest__entrytitle\">\n\t\t\t\t\t\t\t\t\tR&eacute;vision restreinte\t\t\t\t\t\t\t\t<\/h3>\n\t\t\t\t\t\t\t<\/td>\n\t\t\t\t\t\t\t<td class=\"b-sht_event-latest__entrymeta b-sht_event-latest__entrymeta--author\"><span class=\"b-sht_event-latest__celllabel\">\n\t\t\t\t\t\t\t\t\tOrganisateur: <\/span>\n\t\t\t\t\t\t\t\tTREUHAND|SUISSE Schweizerischer Treuh&auml;nderverband\t\t\t\t\t\t\t<\/td>\n\t\t\t\t\t\t\t<td class=\"b-sht_event-latest__entrymeta b-sht_event-latest__entrymeta--price\"><span class=\"b-sht_event-latest__celllabel\">Prix: <\/span>250.00 CHF<\/td>\n\t\t\t\t\t\t\t<td class=\"b-sht_event-latest__entrymeta b-sht_event-latest__entrymeta--duration\"><span class=\"b-sht_event-latest__celllabel\">Dur&eacute;e: <\/span>4 Std.<\/td>\n\t\t\t\t\t\t\t<td class=\"b-sht_event-latest__entrymeta b-sht_event-latest__entrymeta--more\">\n\t\t\t\t\t\t\t\t\t\t\t\t\t\t\t\t\t<a class=\"b-sht_event-latest__entrytitlelink\" href=\"https:\/\/www.fiduciairesuisse-ge.ch\/fr\/education\/2026-revision-restreinte-lors-dune-situation-de-perte-en-capitalsurendettement\">En d&eacute;tail<\/a>\n\t\t\t\t\t\t\t\t\t\t\t\t\t\t\t<\/td>\n\t\t\t\t\t\t<\/tr>\n\t\t\t\t\t\t\t\t\t\t\t\t<tr class=\"b-sht_event-latest__entry\">\n\t\t\t\t\t\t\t<td class=\"b-sht_event-latest__entrymeta b-sht_event-latest__entrymeta--start_date\"><span class=\"b-sht_event-latest__celllabel\">D&eacute;but: <\/span>26\/05\/2026<\/td>\n\t\t\t\t\t\t\t<td class=\"b-sht_event-latest__entrymeta b-sht_event-latest__entrymeta--title\">\n\t\t\t\t\t\t\t\t<h3 class=\"b-sht_event-latest__entrytitle\">\n\t\t\t\t\t\t\t\t\tEinf&uuml;hrung ISQM-CH 1 und 2 im KMU -Umfeld\t\t\t\t\t\t\t\t<\/h3>\n\t\t\t\t\t\t\t<\/td>\n\t\t\t\t\t\t\t<td class=\"b-sht_event-latest__entrymeta b-sht_event-latest__entrymeta--author\"><span class=\"b-sht_event-latest__celllabel\">\n\t\t\t\t\t\t\t\t\tOrganisateur: <\/span>\n\t\t\t\t\t\t\t\tTREUHAND|SUISSE Schweizerischer Treuh&auml;nderverband\t\t\t\t\t\t\t<\/td>\n\t\t\t\t\t\t\t<td class=\"b-sht_event-latest__entrymeta b-sht_event-latest__entrymeta--price\"><span class=\"b-sht_event-latest__celllabel\">Prix: <\/span>490.00 CHF<\/td>\n\t\t\t\t\t\t\t<td class=\"b-sht_event-latest__entrymeta b-sht_event-latest__entrymeta--duration\"><span class=\"b-sht_event-latest__celllabel\">Dur&eacute;e: <\/span>4 Std.<\/td>\n\t\t\t\t\t\t\t<td class=\"b-sht_event-latest__entrymeta b-sht_event-latest__entrymeta--more\">\n\t\t\t\t\t\t\t\t\t\t\t\t\t\t\t\t\t<a class=\"b-sht_event-latest__entrytitlelink\" href=\"https:\/\/www.treuhandsuisse.ch\/education\/2026-einfuhrung-isqm-ch-1-und-2-im-kmu-umfeld\">En d&eacute;tail<\/a>\n\t\t\t\t\t\t\t\t\t\t\t\t\t\t\t<\/td>\n\t\t\t\t\t\t<\/tr>\n\t\t\t\t\t\t\t\t\t\t\t\t<tr class=\"b-sht_event-latest__entry\">\n\t\t\t\t\t\t\t<td class=\"b-sht_event-latest__entrymeta b-sht_event-latest__entrymeta--start_date\"><span class=\"b-sht_event-latest__celllabel\">D&eacute;but: <\/span>27\/05\/2026<\/td>\n\t\t\t\t\t\t\t<td class=\"b-sht_event-latest__entrymeta b-sht_event-latest__entrymeta--title\">\n\t\t\t\t\t\t\t\t<h3 class=\"b-sht_event-latest__entrytitle\">\n\t\t\t\t\t\t\t\t\tQuestions de gouvernance li&eacute;es au conseil d&rsquo;administration\t\t\t\t\t\t\t\t<\/h3>\n\t\t\t\t\t\t\t<\/td>\n\t\t\t\t\t\t\t<td class=\"b-sht_event-latest__entrymeta b-sht_event-latest__entrymeta--author\"><span class=\"b-sht_event-latest__celllabel\">\n\t\t\t\t\t\t\t\t\tOrganisateur: <\/span>\n\t\t\t\t\t\t\t\tEXPERTsuisse AG\t\t\t\t\t\t\t<\/td>\n\t\t\t\t\t\t\t<td class=\"b-sht_event-latest__entrymeta b-sht_event-latest__entrymeta--price\"><span class=\"b-sht_event-latest__celllabel\">Prix: <\/span>390.00 CHF<\/td>\n\t\t\t\t\t\t\t<td class=\"b-sht_event-latest__entrymeta b-sht_event-latest__entrymeta--duration\"><span class=\"b-sht_event-latest__celllabel\">Dur&eacute;e: <\/span>4 h<\/td>\n\t\t\t\t\t\t\t<td class=\"b-sht_event-latest__entrymeta b-sht_event-latest__entrymeta--more\">\n\t\t\t\t\t\t\t\t\t\t\t\t\t\t\t\t\t<a class=\"b-sht_event-latest__entrytitlelink\" href=\"https:\/\/expertsuisse.ch\/de\/weiterbildungen\/2026\/05\/questions-de-gouvernance-liees-au-conseil-d-administration\/10646\">En d&eacute;tail<\/a>\n\t\t\t\t\t\t\t\t\t\t\t\t\t\t\t<\/td>\n\t\t\t\t\t\t<\/tr>\n\t\t\t\t\t\t\t\t\t\t\t\t<tr class=\"b-sht_event-latest__entry\">\n\t\t\t\t\t\t\t<td class=\"b-sht_event-latest__entrymeta b-sht_event-latest__entrymeta--start_date\"><span class=\"b-sht_event-latest__celllabel\">D&eacute;but: <\/span>02\/06\/2026<\/td>\n\t\t\t\t\t\t\t<td class=\"b-sht_event-latest__entrymeta b-sht_event-latest__entrymeta--title\">\n\t\t\t\t\t\t\t\t<h3 class=\"b-sht_event-latest__entrytitle\">\n\t\t\t\t\t\t\t\t\tMWST|SEMINAR &ndash; Aktuelles zur Mehrwertsteuer\t\t\t\t\t\t\t\t<\/h3>\n\t\t\t\t\t\t\t<\/td>\n\t\t\t\t\t\t\t<td class=\"b-sht_event-latest__entrymeta b-sht_event-latest__entrymeta--author\"><span class=\"b-sht_event-latest__celllabel\">\n\t\t\t\t\t\t\t\t\tOrganisateur: <\/span>\n\t\t\t\t\t\t\t\tTREUHAND|SUISSE Schweizerischer Treuh&auml;nderverband\t\t\t\t\t\t\t<\/td>\n\t\t\t\t\t\t\t<td class=\"b-sht_event-latest__entrymeta b-sht_event-latest__entrymeta--price\"><span class=\"b-sht_event-latest__celllabel\">Prix: <\/span>480.00 CHF<\/td>\n\t\t\t\t\t\t\t<td class=\"b-sht_event-latest__entrymeta b-sht_event-latest__entrymeta--duration\"><span class=\"b-sht_event-latest__celllabel\">Dur&eacute;e: <\/span>4 Std.<\/td>\n\t\t\t\t\t\t\t<td class=\"b-sht_event-latest__entrymeta b-sht_event-latest__entrymeta--more\">\n\t\t\t\t\t\t\t\t\t\t\t\t\t\t\t\t\t<a class=\"b-sht_event-latest__entrytitlelink\" href=\"https:\/\/www.treuhandsuisse-bs.ch\/education\/2026-mwstseminar\">En d&eacute;tail<\/a>\n\t\t\t\t\t\t\t\t\t\t\t\t\t\t\t<\/td>\n\t\t\t\t\t\t<\/tr>\n\t\t\t\t\t\t\t\t\t\t\t\t<tr class=\"b-sht_event-latest__entry\">\n\t\t\t\t\t\t\t<td class=\"b-sht_event-latest__entrymeta b-sht_event-latest__entrymeta--start_date\"><span class=\"b-sht_event-latest__celllabel\">D&eacute;but: <\/span>02\/06\/2026<\/td>\n\t\t\t\t\t\t\t<td class=\"b-sht_event-latest__entrymeta b-sht_event-latest__entrymeta--title\">\n\t\t\t\t\t\t\t\t<h3 class=\"b-sht_event-latest__entrytitle\">\n\t\t\t\t\t\t\t\t\tTJPG\/GwG &ndash; Neue Gesetzesformen\t\t\t\t\t\t\t\t<\/h3>\n\t\t\t\t\t\t\t<\/td>\n\t\t\t\t\t\t\t<td class=\"b-sht_event-latest__entrymeta b-sht_event-latest__entrymeta--author\"><span class=\"b-sht_event-latest__celllabel\">\n\t\t\t\t\t\t\t\t\tOrganisateur: <\/span>\n\t\t\t\t\t\t\t\tTREUHAND|SUISSE Schweizerischer Treuh&auml;nderverband\t\t\t\t\t\t\t<\/td>\n\t\t\t\t\t\t\t<td class=\"b-sht_event-latest__entrymeta b-sht_event-latest__entrymeta--price\"><span class=\"b-sht_event-latest__celllabel\">Prix: <\/span>480.00 CHF<\/td>\n\t\t\t\t\t\t\t<td class=\"b-sht_event-latest__entrymeta b-sht_event-latest__entrymeta--duration\"><span class=\"b-sht_event-latest__celllabel\">Dur&eacute;e: <\/span>4 Std.<\/td>\n\t\t\t\t\t\t\t<td class=\"b-sht_event-latest__entrymeta b-sht_event-latest__entrymeta--more\">\n\t\t\t\t\t\t\t\t\t\t\t\t\t\t\t\t\t<a class=\"b-sht_event-latest__entrytitlelink\" href=\"https:\/\/www.treuhandsuisse-bs.ch\/education\/2026-tjpggwgseminar\">En d&eacute;tail<\/a>\n\t\t\t\t\t\t\t\t\t\t\t\t\t\t\t<\/td>\n\t\t\t\t\t\t<\/tr>\n\t\t\t\t\t\t\t\t\t\t\t\t<tr class=\"b-sht_event-latest__entry\">\n\t\t\t\t\t\t\t<td class=\"b-sht_event-latest__entrymeta b-sht_event-latest__entrymeta--start_date\"><span class=\"b-sht_event-latest__celllabel\">D&eacute;but: <\/span>02\/06\/2026<\/td>\n\t\t\t\t\t\t\t<td class=\"b-sht_event-latest__entrymeta b-sht_event-latest__entrymeta--title\">\n\t\t\t\t\t\t\t\t<h3 class=\"b-sht_event-latest__entrytitle\">\n\t\t\t\t\t\t\t\t\tTestamente richtig schreiben (Workshop)\t\t\t\t\t\t\t\t<\/h3>\n\t\t\t\t\t\t\t<\/td>\n\t\t\t\t\t\t\t<td class=\"b-sht_event-latest__entrymeta b-sht_event-latest__entrymeta--author\"><span class=\"b-sht_event-latest__celllabel\">\n\t\t\t\t\t\t\t\t\tOrganisateur: <\/span>\n\t\t\t\t\t\t\t\tTREUHAND|SUISSE Sektion Z&uuml;rich Sektion Z&uuml;rich\t\t\t\t\t\t\t<\/td>\n\t\t\t\t\t\t\t<td class=\"b-sht_event-latest__entrymeta b-sht_event-latest__entrymeta--price\"><span class=\"b-sht_event-latest__celllabel\">Prix: <\/span>390.00 CHF<\/td>\n\t\t\t\t\t\t\t<td class=\"b-sht_event-latest__entrymeta b-sht_event-latest__entrymeta--duration\"><span class=\"b-sht_event-latest__celllabel\">Dur&eacute;e: <\/span>1\/2 Tag<\/td>\n\t\t\t\t\t\t\t<td class=\"b-sht_event-latest__entrymeta b-sht_event-latest__entrymeta--more\">\n\t\t\t\t\t\t\t\t\t\t\t\t\t\t\t\t\t<a class=\"b-sht_event-latest__entrytitlelink\" href=\"https:\/\/www.treuhandsuisse-zh.ch\/education\/2026-testamente-richtig-schreiben-workshop\">En d&eacute;tail<\/a>\n\t\t\t\t\t\t\t\t\t\t\t\t\t\t\t<\/td>\n\t\t\t\t\t\t<\/tr>\n\t\t\t\t\t\t\t\t\t\t\t\t<tr class=\"b-sht_event-latest__entry\">\n\t\t\t\t\t\t\t<td class=\"b-sht_event-latest__entrymeta b-sht_event-latest__entrymeta--start_date\"><span class=\"b-sht_event-latest__celllabel\">D&eacute;but: <\/span>16\/06\/2026<\/td>\n\t\t\t\t\t\t\t<td class=\"b-sht_event-latest__entrymeta b-sht_event-latest__entrymeta--title\">\n\t\t\t\t\t\t\t\t<h3 class=\"b-sht_event-latest__entrytitle\">\n\t\t\t\t\t\t\t\t\tL&rsquo;intelligence artificielle appliqu&eacute;e aux fiduciaires\t\t\t\t\t\t\t\t<\/h3>\n\t\t\t\t\t\t\t<\/td>\n\t\t\t\t\t\t\t<td class=\"b-sht_event-latest__entrymeta b-sht_event-latest__entrymeta--author\"><span class=\"b-sht_event-latest__celllabel\">\n\t\t\t\t\t\t\t\t\tOrganisateur: <\/span>\n\t\t\t\t\t\t\t\tTREUHAND|SUISSE Schweizerischer Treuh&auml;nderverband\t\t\t\t\t\t\t<\/td>\n\t\t\t\t\t\t\t<td class=\"b-sht_event-latest__entrymeta b-sht_event-latest__entrymeta--price\"><span class=\"b-sht_event-latest__celllabel\">Prix: <\/span>250.00 CHF<\/td>\n\t\t\t\t\t\t\t<td class=\"b-sht_event-latest__entrymeta b-sht_event-latest__entrymeta--duration\"><span class=\"b-sht_event-latest__celllabel\">Dur&eacute;e: <\/span>4 Std.<\/td>\n\t\t\t\t\t\t\t<td class=\"b-sht_event-latest__entrymeta b-sht_event-latest__entrymeta--more\">\n\t\t\t\t\t\t\t\t\t\t\t\t\t\t\t\t\t<a class=\"b-sht_event-latest__entrytitlelink\" href=\"https:\/\/www.fiduciairesuisse-ge.ch\/fr\/education\/2026-lintelligence-artificielle-appliquee-aux-fiduciaires\">En d&eacute;tail<\/a>\n\t\t\t\t\t\t\t\t\t\t\t\t\t\t\t<\/td>\n\t\t\t\t\t\t<\/tr>\n\t\t\t\t\t\t\t\t\t\t\t\t<tr class=\"b-sht_event-latest__entry\">\n\t\t\t\t\t\t\t<td class=\"b-sht_event-latest__entrymeta b-sht_event-latest__entrymeta--start_date\"><span class=\"b-sht_event-latest__celllabel\">D&eacute;but: <\/span>18\/06\/2026<\/td>\n\t\t\t\t\t\t\t<td class=\"b-sht_event-latest__entrymeta b-sht_event-latest__entrymeta--title\">\n\t\t\t\t\t\t\t\t<h3 class=\"b-sht_event-latest__entrytitle\">\n\t\t\t\t\t\t\t\t\tSIFER &ndash; Lunch-Seminar: Berichterstattung: drohende Zahlungsunf&auml;higkeit\t\t\t\t\t\t\t\t<\/h3>\n\t\t\t\t\t\t\t<\/td>\n\t\t\t\t\t\t\t<td class=\"b-sht_event-latest__entrymeta b-sht_event-latest__entrymeta--author\"><span class=\"b-sht_event-latest__celllabel\">\n\t\t\t\t\t\t\t\t\tOrganisateur: <\/span>\n\t\t\t\t\t\t\t\tTREUHAND|SUISSE Schweizerischer Treuh&auml;nderverband\t\t\t\t\t\t\t<\/td>\n\t\t\t\t\t\t\t<td class=\"b-sht_event-latest__entrymeta b-sht_event-latest__entrymeta--price\"><span class=\"b-sht_event-latest__celllabel\">Prix: <\/span>150.00 CHF<\/td>\n\t\t\t\t\t\t\t<td class=\"b-sht_event-latest__entrymeta b-sht_event-latest__entrymeta--duration\"><span class=\"b-sht_event-latest__celllabel\">Dur&eacute;e: <\/span>1 Std.<\/td>\n\t\t\t\t\t\t\t<td class=\"b-sht_event-latest__entrymeta b-sht_event-latest__entrymeta--more\">\n\t\t\t\t\t\t\t\t\t\t\t\t\t\t\t\t\t<a class=\"b-sht_event-latest__entrytitlelink\" href=\"https:\/\/www.treuhandsuisse.ch\/education\/2026-sifer-lunch-webinare-18062026\">En d&eacute;tail<\/a>\n\t\t\t\t\t\t\t\t\t\t\t\t\t\t\t<\/td>\n\t\t\t\t\t\t<\/tr>\n\t\t\t\t\t\t\t\t\t\t\t\t<tr class=\"b-sht_event-latest__entry\">\n\t\t\t\t\t\t\t<td class=\"b-sht_event-latest__entrymeta b-sht_event-latest__entrymeta--start_date\"><span class=\"b-sht_event-latest__celllabel\">D&eacute;but: <\/span>14\/07\/2026<\/td>\n\t\t\t\t\t\t\t<td class=\"b-sht_event-latest__entrymeta b-sht_event-latest__entrymeta--title\">\n\t\t\t\t\t\t\t\t<h3 class=\"b-sht_event-latest__entrytitle\">\n\t\t\t\t\t\t\t\t\tSIFER &ndash; Lunch-Seminar: Vorgehen bei der Implementierung des ISQM-1\t\t\t\t\t\t\t\t<\/h3>\n\t\t\t\t\t\t\t<\/td>\n\t\t\t\t\t\t\t<td class=\"b-sht_event-latest__entrymeta b-sht_event-latest__entrymeta--author\"><span class=\"b-sht_event-latest__celllabel\">\n\t\t\t\t\t\t\t\t\tOrganisateur: <\/span>\n\t\t\t\t\t\t\t\tTREUHAND|SUISSE Schweizerischer Treuh&auml;nderverband\t\t\t\t\t\t\t<\/td>\n\t\t\t\t\t\t\t<td class=\"b-sht_event-latest__entrymeta b-sht_event-latest__entrymeta--price\"><span class=\"b-sht_event-latest__celllabel\">Prix: <\/span>150.00 CHF<\/td>\n\t\t\t\t\t\t\t<td class=\"b-sht_event-latest__entrymeta b-sht_event-latest__entrymeta--duration\"><span class=\"b-sht_event-latest__celllabel\">Dur&eacute;e: <\/span>1 Std.<\/td>\n\t\t\t\t\t\t\t<td class=\"b-sht_event-latest__entrymeta b-sht_event-latest__entrymeta--more\">\n\t\t\t\t\t\t\t\t\t\t\t\t\t\t\t\t\t<a class=\"b-sht_event-latest__entrytitlelink\" href=\"https:\/\/www.treuhandsuisse.ch\/education\/2026-sifer-lunch-webinare-14072026\">En d&eacute;tail<\/a>\n\t\t\t\t\t\t\t\t\t\t\t\t\t\t\t<\/td>\n\t\t\t\t\t\t<\/tr>\n\t\t\t\t\t\t\t\t\t\t\t\t<tr class=\"b-sht_event-latest__entry\">\n\t\t\t\t\t\t\t<td class=\"b-sht_event-latest__entrymeta b-sht_event-latest__entrymeta--start_date\"><span class=\"b-sht_event-latest__celllabel\">D&eacute;but: <\/span>01\/08\/2026<\/td>\n\t\t\t\t\t\t\t<td class=\"b-sht_event-latest__entrymeta b-sht_event-latest__entrymeta--title\">\n\t\t\t\t\t\t\t\t<h3 class=\"b-sht_event-latest__entrytitle\">\n\t\t\t\t\t\t\t\t\tFormation certifiante &laquo;TVA&raquo;\t\t\t\t\t\t\t\t<\/h3>\n\t\t\t\t\t\t\t<\/td>\n\t\t\t\t\t\t\t<td class=\"b-sht_event-latest__entrymeta b-sht_event-latest__entrymeta--author\"><span class=\"b-sht_event-latest__celllabel\">\n\t\t\t\t\t\t\t\t\tOrganisateur: <\/span>\n\t\t\t\t\t\t\t\tEXPERTsuisse AG\t\t\t\t\t\t\t<\/td>\n\t\t\t\t\t\t\t<td class=\"b-sht_event-latest__entrymeta b-sht_event-latest__entrymeta--price\"><span class=\"b-sht_event-latest__celllabel\">Prix: <\/span>6,960.00 CHF<\/td>\n\t\t\t\t\t\t\t<td class=\"b-sht_event-latest__entrymeta b-sht_event-latest__entrymeta--duration\"><span class=\"b-sht_event-latest__celllabel\">Dur&eacute;e: <\/span><\/td>\n\t\t\t\t\t\t\t<td class=\"b-sht_event-latest__entrymeta b-sht_event-latest__entrymeta--more\">\n\t\t\t\t\t\t\t\t\t\t\t\t\t\t\t\t\t<a class=\"b-sht_event-latest__entrytitlelink\" href=\"https:\/\/expertsuisse.ch\/fr\/formation\/formation-continue\/formations-certifiantes\/formation-certifiante-tva\">En d&eacute;tail<\/a>\n\t\t\t\t\t\t\t\t\t\t\t\t\t\t\t<\/td>\n\t\t\t\t\t\t<\/tr>\n\t\t\t\t\t\t\t\t\t\t\t\t<tr class=\"b-sht_event-latest__entry\">\n\t\t\t\t\t\t\t<td class=\"b-sht_event-latest__entrymeta b-sht_event-latest__entrymeta--start_date\"><span class=\"b-sht_event-latest__celllabel\">D&eacute;but: <\/span>01\/08\/2026<\/td>\n\t\t\t\t\t\t\t<td class=\"b-sht_event-latest__entrymeta b-sht_event-latest__entrymeta--title\">\n\t\t\t\t\t\t\t\t<h3 class=\"b-sht_event-latest__entrytitle\">\n\t\t\t\t\t\t\t\t\tZertifikatslehrgang &laquo;Mehrwertsteuer (MWST)&raquo;\t\t\t\t\t\t\t\t<\/h3>\n\t\t\t\t\t\t\t<\/td>\n\t\t\t\t\t\t\t<td class=\"b-sht_event-latest__entrymeta b-sht_event-latest__entrymeta--author\"><span class=\"b-sht_event-latest__celllabel\">\n\t\t\t\t\t\t\t\t\tOrganisateur: <\/span>\n\t\t\t\t\t\t\t\tEXPERTsuisse AG\t\t\t\t\t\t\t<\/td>\n\t\t\t\t\t\t\t<td class=\"b-sht_event-latest__entrymeta b-sht_event-latest__entrymeta--price\"><span class=\"b-sht_event-latest__celllabel\">Prix: <\/span>6,960.00 CHF<\/td>\n\t\t\t\t\t\t\t<td class=\"b-sht_event-latest__entrymeta b-sht_event-latest__entrymeta--duration\"><span class=\"b-sht_event-latest__celllabel\">Dur&eacute;e: <\/span><\/td>\n\t\t\t\t\t\t\t<td class=\"b-sht_event-latest__entrymeta b-sht_event-latest__entrymeta--more\">\n\t\t\t\t\t\t\t\t\t\t\t\t\t\t\t\t\t<a class=\"b-sht_event-latest__entrytitlelink\" href=\"https:\/\/expertsuisse.ch\/de\/bildung\/weiterbildung\/zertifikatslehrgaenge\/zertifikatslehrgang-mehrwertsteuer\">En d&eacute;tail<\/a>\n\t\t\t\t\t\t\t\t\t\t\t\t\t\t\t<\/td>\n\t\t\t\t\t\t<\/tr>\n\t\t\t\t\t\t\t\t\t\t\t\t<tr class=\"b-sht_event-latest__entry\">\n\t\t\t\t\t\t\t<td class=\"b-sht_event-latest__entrymeta b-sht_event-latest__entrymeta--start_date\"><span class=\"b-sht_event-latest__celllabel\">D&eacute;but: <\/span>01\/08\/2026<\/td>\n\t\t\t\t\t\t\t<td class=\"b-sht_event-latest__entrymeta b-sht_event-latest__entrymeta--title\">\n\t\t\t\t\t\t\t\t<h3 class=\"b-sht_event-latest__entrytitle\">\n\t\t\t\t\t\t\t\t\tZertifikatslehrgang &laquo;Steuern nat&uuml;rliche Personen&raquo;\t\t\t\t\t\t\t\t<\/h3>\n\t\t\t\t\t\t\t<\/td>\n\t\t\t\t\t\t\t<td class=\"b-sht_event-latest__entrymeta b-sht_event-latest__entrymeta--author\"><span class=\"b-sht_event-latest__celllabel\">\n\t\t\t\t\t\t\t\t\tOrganisateur: <\/span>\n\t\t\t\t\t\t\t\tEXPERTsuisse AG\t\t\t\t\t\t\t<\/td>\n\t\t\t\t\t\t\t<td class=\"b-sht_event-latest__entrymeta b-sht_event-latest__entrymeta--price\"><span class=\"b-sht_event-latest__celllabel\">Prix: <\/span>5,920.00 CHF<\/td>\n\t\t\t\t\t\t\t<td class=\"b-sht_event-latest__entrymeta b-sht_event-latest__entrymeta--duration\"><span class=\"b-sht_event-latest__celllabel\">Dur&eacute;e: <\/span><\/td>\n\t\t\t\t\t\t\t<td class=\"b-sht_event-latest__entrymeta b-sht_event-latest__entrymeta--more\">\n\t\t\t\t\t\t\t\t\t\t\t\t\t\t\t\t\t<a class=\"b-sht_event-latest__entrytitlelink\" href=\"https:\/\/expertsuisse.ch\/de\/bildung\/weiterbildung\/zertifikatslehrgaenge\/zertifikatslehrgang-steuern-natuerliche-personen\">En d&eacute;tail<\/a>\n\t\t\t\t\t\t\t\t\t\t\t\t\t\t\t<\/td>\n\t\t\t\t\t\t<\/tr>\n\t\t\t\t\t\t\t\t\t\t\t\t<tr class=\"b-sht_event-latest__entry\">\n\t\t\t\t\t\t\t<td class=\"b-sht_event-latest__entrymeta b-sht_event-latest__entrymeta--start_date\"><span class=\"b-sht_event-latest__celllabel\">D&eacute;but: <\/span>20\/08\/2026<\/td>\n\t\t\t\t\t\t\t<td class=\"b-sht_event-latest__entrymeta b-sht_event-latest__entrymeta--title\">\n\t\t\t\t\t\t\t\t<h3 class=\"b-sht_event-latest__entrytitle\">\n\t\t\t\t\t\t\t\t\tSIFER &ndash; Lunch-Seminar: Rechtspraxis\t\t\t\t\t\t\t\t<\/h3>\n\t\t\t\t\t\t\t<\/td>\n\t\t\t\t\t\t\t<td class=\"b-sht_event-latest__entrymeta b-sht_event-latest__entrymeta--author\"><span class=\"b-sht_event-latest__celllabel\">\n\t\t\t\t\t\t\t\t\tOrganisateur: <\/span>\n\t\t\t\t\t\t\t\tTREUHAND|SUISSE Schweizerischer Treuh&auml;nderverband\t\t\t\t\t\t\t<\/td>\n\t\t\t\t\t\t\t<td class=\"b-sht_event-latest__entrymeta b-sht_event-latest__entrymeta--price\"><span class=\"b-sht_event-latest__celllabel\">Prix: <\/span>150.00 CHF<\/td>\n\t\t\t\t\t\t\t<td class=\"b-sht_event-latest__entrymeta b-sht_event-latest__entrymeta--duration\"><span class=\"b-sht_event-latest__celllabel\">Dur&eacute;e: <\/span>1 Std.<\/td>\n\t\t\t\t\t\t\t<td class=\"b-sht_event-latest__entrymeta b-sht_event-latest__entrymeta--more\">\n\t\t\t\t\t\t\t\t\t\t\t\t\t\t\t\t\t<a class=\"b-sht_event-latest__entrytitlelink\" href=\"https:\/\/www.treuhandsuisse.ch\/education\/2026-sifer-lunch-webinare-20082026\">En d&eacute;tail<\/a>\n\t\t\t\t\t\t\t\t\t\t\t\t\t\t\t<\/td>\n\t\t\t\t\t\t<\/tr>\n\t\t\t\t\t\t\t\t\t\t\t\t<tr class=\"b-sht_event-latest__entry\">\n\t\t\t\t\t\t\t<td class=\"b-sht_event-latest__entrymeta b-sht_event-latest__entrymeta--start_date\"><span class=\"b-sht_event-latest__celllabel\">D&eacute;but: <\/span>26\/08\/2026<\/td>\n\t\t\t\t\t\t\t<td class=\"b-sht_event-latest__entrymeta b-sht_event-latest__entrymeta--title\">\n\t\t\t\t\t\t\t\t<h3 class=\"b-sht_event-latest__entrytitle\">\n\t\t\t\t\t\t\t\t\tUnternehmenssteuerliche Fragestellungen bei KMU Update und Praxisprobleme\t\t\t\t\t\t\t\t<\/h3>\n\t\t\t\t\t\t\t<\/td>\n\t\t\t\t\t\t\t<td class=\"b-sht_event-latest__entrymeta b-sht_event-latest__entrymeta--author\"><span class=\"b-sht_event-latest__celllabel\">\n\t\t\t\t\t\t\t\t\tOrganisateur: <\/span>\n\t\t\t\t\t\t\t\tEXPERTsuisse AG\t\t\t\t\t\t\t<\/td>\n\t\t\t\t\t\t\t<td class=\"b-sht_event-latest__entrymeta b-sht_event-latest__entrymeta--price\"><span class=\"b-sht_event-latest__celllabel\">Prix: <\/span>730.00 CHF<\/td>\n\t\t\t\t\t\t\t<td class=\"b-sht_event-latest__entrymeta b-sht_event-latest__entrymeta--duration\"><span class=\"b-sht_event-latest__celllabel\">Dur&eacute;e: <\/span>8 h<\/td>\n\t\t\t\t\t\t\t<td class=\"b-sht_event-latest__entrymeta b-sht_event-latest__entrymeta--more\">\n\t\t\t\t\t\t\t\t\t\t\t\t\t\t\t\t\t<a class=\"b-sht_event-latest__entrytitlelink\" href=\"https:\/\/expertsuisse.ch\/de\/bildung\/weiterbildung\/bildungsangebot?query=Unternehmenssteuerliche\">En d&eacute;tail<\/a>\n\t\t\t\t\t\t\t\t\t\t\t\t\t\t\t<\/td>\n\t\t\t\t\t\t<\/tr>\n\t\t\t\t\t\t\t\t\t\t\t\t<tr class=\"b-sht_event-latest__entry\">\n\t\t\t\t\t\t\t<td class=\"b-sht_event-latest__entrymeta b-sht_event-latest__entrymeta--start_date\"><span class=\"b-sht_event-latest__celllabel\">D&eacute;but: <\/span>01\/09\/2026<\/td>\n\t\t\t\t\t\t\t<td class=\"b-sht_event-latest__entrymeta b-sht_event-latest__entrymeta--title\">\n\t\t\t\t\t\t\t\t<h3 class=\"b-sht_event-latest__entrytitle\">\n\t\t\t\t\t\t\t\t\tFlexible Pensionierung\t\t\t\t\t\t\t\t<\/h3>\n\t\t\t\t\t\t\t<\/td>\n\t\t\t\t\t\t\t<td class=\"b-sht_event-latest__entrymeta b-sht_event-latest__entrymeta--author\"><span class=\"b-sht_event-latest__celllabel\">\n\t\t\t\t\t\t\t\t\tOrganisateur: <\/span>\n\t\t\t\t\t\t\t\tTREUHAND|SUISSE Sektion Z&uuml;rich Sektion Z&uuml;rich\t\t\t\t\t\t\t<\/td>\n\t\t\t\t\t\t\t<td class=\"b-sht_event-latest__entrymeta b-sht_event-latest__entrymeta--price\"><span class=\"b-sht_event-latest__celllabel\">Prix: <\/span>390.00 CHF<\/td>\n\t\t\t\t\t\t\t<td class=\"b-sht_event-latest__entrymeta b-sht_event-latest__entrymeta--duration\"><span class=\"b-sht_event-latest__celllabel\">Dur&eacute;e: <\/span>1\/2 Tag<\/td>\n\t\t\t\t\t\t\t<td class=\"b-sht_event-latest__entrymeta b-sht_event-latest__entrymeta--more\">\n\t\t\t\t\t\t\t\t\t\t\t\t\t\t\t\t\t<a class=\"b-sht_event-latest__entrytitlelink\" href=\"https:\/\/www.treuhandsuisse-zh.ch\/education\/2026-flexible-pensionierung\">En d&eacute;tail<\/a>\n\t\t\t\t\t\t\t\t\t\t\t\t\t\t\t<\/td>\n\t\t\t\t\t\t<\/tr>\n\t\t\t\t\t\t\t\t\t\t\t\t<tr class=\"b-sht_event-latest__entry\">\n\t\t\t\t\t\t\t<td class=\"b-sht_event-latest__entrymeta b-sht_event-latest__entrymeta--start_date\"><span class=\"b-sht_event-latest__celllabel\">D&eacute;but: <\/span>02\/09\/2026<\/td>\n\t\t\t\t\t\t\t<td class=\"b-sht_event-latest__entrymeta b-sht_event-latest__entrymeta--title\">\n\t\t\t\t\t\t\t\t<h3 class=\"b-sht_event-latest__entrytitle\">\n\t\t\t\t\t\t\t\t\tMWST-Gesetz konkret. Erfahrungen, neue Publikationen, schwerpunktm&auml;ssige Vertiefung\t\t\t\t\t\t\t\t<\/h3>\n\t\t\t\t\t\t\t<\/td>\n\t\t\t\t\t\t\t<td class=\"b-sht_event-latest__entrymeta b-sht_event-latest__entrymeta--author\"><span class=\"b-sht_event-latest__celllabel\">\n\t\t\t\t\t\t\t\t\tOrganisateur: <\/span>\n\t\t\t\t\t\t\t\tEXPERTsuisse AG\t\t\t\t\t\t\t<\/td>\n\t\t\t\t\t\t\t<td class=\"b-sht_event-latest__entrymeta b-sht_event-latest__entrymeta--price\"><span class=\"b-sht_event-latest__celllabel\">Prix: <\/span>730.00 CHF<\/td>\n\t\t\t\t\t\t\t<td class=\"b-sht_event-latest__entrymeta b-sht_event-latest__entrymeta--duration\"><span class=\"b-sht_event-latest__celllabel\">Dur&eacute;e: <\/span>8 h<\/td>\n\t\t\t\t\t\t\t<td class=\"b-sht_event-latest__entrymeta b-sht_event-latest__entrymeta--more\">\n\t\t\t\t\t\t\t\t\t\t\t\t\t\t\t\t\t<a class=\"b-sht_event-latest__entrytitlelink\" href=\"https:\/\/expertsuisse.ch\/de\/bildung\/weiterbildung\/bildungsangebot?query=schwerpunkt-m%C3%A4ssige\">En d&eacute;tail<\/a>\n\t\t\t\t\t\t\t\t\t\t\t\t\t\t\t<\/td>\n\t\t\t\t\t\t<\/tr>\n\t\t\t\t\t\t\t\t\t\t\t\t<tr class=\"b-sht_event-latest__entry\">\n\t\t\t\t\t\t\t<td class=\"b-sht_event-latest__entrymeta b-sht_event-latest__entrymeta--start_date\"><span class=\"b-sht_event-latest__celllabel\">D&eacute;but: <\/span>03\/09\/2026<\/td>\n\t\t\t\t\t\t\t<td class=\"b-sht_event-latest__entrymeta b-sht_event-latest__entrymeta--title\">\n\t\t\t\t\t\t\t\t<h3 class=\"b-sht_event-latest__entrytitle\">\n\t\t\t\t\t\t\t\t\tBesteuerung von Privatpersonen\t\t\t\t\t\t\t\t<\/h3>\n\t\t\t\t\t\t\t<\/td>\n\t\t\t\t\t\t\t<td class=\"b-sht_event-latest__entrymeta b-sht_event-latest__entrymeta--author\"><span class=\"b-sht_event-latest__celllabel\">\n\t\t\t\t\t\t\t\t\tOrganisateur: <\/span>\n\t\t\t\t\t\t\t\tCosmos Verlag (Fachmedien und Bildung)\t\t\t\t\t\t\t<\/td>\n\t\t\t\t\t\t\t<td class=\"b-sht_event-latest__entrymeta b-sht_event-latest__entrymeta--price\"><span class=\"b-sht_event-latest__celllabel\">Prix: <\/span>1,885.00 CHF<\/td>\n\t\t\t\t\t\t\t<td class=\"b-sht_event-latest__entrymeta b-sht_event-latest__entrymeta--duration\"><span class=\"b-sht_event-latest__celllabel\">Dur&eacute;e: <\/span>4 Tage<\/td>\n\t\t\t\t\t\t\t<td class=\"b-sht_event-latest__entrymeta b-sht_event-latest__entrymeta--more\">\n\t\t\t\t\t\t\t\t\t\t\t\t\t\t\t\t\t<a class=\"b-sht_event-latest__entrytitlelink\" href=\"https:\/\/www.cosmosverlag.ch\/fachmedien\/veranstaltungen\/kurse\/besteuerung-von-privatpersonen\/\">En d&eacute;tail<\/a>\n\t\t\t\t\t\t\t\t\t\t\t\t\t\t\t<\/td>\n\t\t\t\t\t\t<\/tr>\n\t\t\t\t\t\t\t\t\t\t\t\t<tr class=\"b-sht_event-latest__entry\">\n\t\t\t\t\t\t\t<td class=\"b-sht_event-latest__entrymeta b-sht_event-latest__entrymeta--start_date\"><span class=\"b-sht_event-latest__celllabel\">D&eacute;but: <\/span>03\/09\/2026<\/td>\n\t\t\t\t\t\t\t<td class=\"b-sht_event-latest__entrymeta b-sht_event-latest__entrymeta--title\">\n\t\t\t\t\t\t\t\t<h3 class=\"b-sht_event-latest__entrytitle\">\n\t\t\t\t\t\t\t\t\tQuestions choisies en mati&egrave;re de proc&eacute;dure [&eacute;dition de Lausanne]\t\t\t\t\t\t\t\t<\/h3>\n\t\t\t\t\t\t\t<\/td>\n\t\t\t\t\t\t\t<td class=\"b-sht_event-latest__entrymeta b-sht_event-latest__entrymeta--author\"><span class=\"b-sht_event-latest__celllabel\">\n\t\t\t\t\t\t\t\t\tOrganisateur: <\/span>\n\t\t\t\t\t\t\t\tEXPERTsuisse AG\t\t\t\t\t\t\t<\/td>\n\t\t\t\t\t\t\t<td class=\"b-sht_event-latest__entrymeta b-sht_event-latest__entrymeta--price\"><span class=\"b-sht_event-latest__celllabel\">Prix: <\/span>730.00 CHF<\/td>\n\t\t\t\t\t\t\t<td class=\"b-sht_event-latest__entrymeta b-sht_event-latest__entrymeta--duration\"><span class=\"b-sht_event-latest__celllabel\">Dur&eacute;e: <\/span>8 h<\/td>\n\t\t\t\t\t\t\t<td class=\"b-sht_event-latest__entrymeta b-sht_event-latest__entrymeta--more\">\n\t\t\t\t\t\t\t\t\t\t\t\t\t\t\t\t\t<a class=\"b-sht_event-latest__entrytitlelink\" href=\"https:\/\/expertsuisse.ch\/de\/weiterbildungen\/2026\/09\/questions-choisies-en-matiere-de-procedure-edition-de-lausanne\/10697\">En d&eacute;tail<\/a>\n\t\t\t\t\t\t\t\t\t\t\t\t\t\t\t<\/td>\n\t\t\t\t\t\t<\/tr>\n\t\t\t\t\t\t\t\t\t\t\t\t<tr class=\"b-sht_event-latest__entry\">\n\t\t\t\t\t\t\t<td class=\"b-sht_event-latest__entrymeta b-sht_event-latest__entrymeta--start_date\"><span class=\"b-sht_event-latest__celllabel\">D&eacute;but: <\/span>08\/09\/2026<\/td>\n\t\t\t\t\t\t\t<td class=\"b-sht_event-latest__entrymeta b-sht_event-latest__entrymeta--title\">\n\t\t\t\t\t\t\t\t<h3 class=\"b-sht_event-latest__entrytitle\">\n\t\t\t\t\t\t\t\t\tEXPERTsuisse Forum Unternehmenssteuerrecht &ndash; Teil 1 &ndash; Kongresshaus Z&uuml;rich\t\t\t\t\t\t\t\t<\/h3>\n\t\t\t\t\t\t\t<\/td>\n\t\t\t\t\t\t\t<td class=\"b-sht_event-latest__entrymeta b-sht_event-latest__entrymeta--author\"><span class=\"b-sht_event-latest__celllabel\">\n\t\t\t\t\t\t\t\t\tOrganisateur: <\/span>\n\t\t\t\t\t\t\t\tEXPERTsuisse AG\t\t\t\t\t\t\t<\/td>\n\t\t\t\t\t\t\t<td class=\"b-sht_event-latest__entrymeta b-sht_event-latest__entrymeta--price\"><span class=\"b-sht_event-latest__celllabel\">Prix: <\/span>910.00 CHF<\/td>\n\t\t\t\t\t\t\t<td class=\"b-sht_event-latest__entrymeta b-sht_event-latest__entrymeta--duration\"><span class=\"b-sht_event-latest__celllabel\">Dur&eacute;e: <\/span>1 Tag<\/td>\n\t\t\t\t\t\t\t<td class=\"b-sht_event-latest__entrymeta b-sht_event-latest__entrymeta--more\">\n\t\t\t\t\t\t\t\t\t\t\t\t\t\t\t\t\t<a class=\"b-sht_event-latest__entrytitlelink\" href=\"https:\/\/expertsuisse.ch\/de\/weiterbildungen\/2026\/09\/forum-unternehmenssteuerrecht-teil-1\/10613\">En d&eacute;tail<\/a>\n\t\t\t\t\t\t\t\t\t\t\t\t\t\t\t<\/td>\n\t\t\t\t\t\t<\/tr>\n\t\t\t\t\t\t\t\t\t\t\t\t<tr class=\"b-sht_event-latest__entry\">\n\t\t\t\t\t\t\t<td class=\"b-sht_event-latest__entrymeta b-sht_event-latest__entrymeta--start_date\"><span class=\"b-sht_event-latest__celllabel\">D&eacute;but: <\/span>09\/09\/2026<\/td>\n\t\t\t\t\t\t\t<td class=\"b-sht_event-latest__entrymeta b-sht_event-latest__entrymeta--title\">\n\t\t\t\t\t\t\t\t<h3 class=\"b-sht_event-latest__entrytitle\">\n\t\t\t\t\t\t\t\t\tEXPERTsuisse Forum Unternehmenssteuerrecht &ndash; Teil 2 &ndash; online\t\t\t\t\t\t\t\t<\/h3>\n\t\t\t\t\t\t\t<\/td>\n\t\t\t\t\t\t\t<td class=\"b-sht_event-latest__entrymeta b-sht_event-latest__entrymeta--author\"><span class=\"b-sht_event-latest__celllabel\">\n\t\t\t\t\t\t\t\t\tOrganisateur: <\/span>\n\t\t\t\t\t\t\t\tEXPERTsuisse AG\t\t\t\t\t\t\t<\/td>\n\t\t\t\t\t\t\t<td class=\"b-sht_event-latest__entrymeta b-sht_event-latest__entrymeta--price\"><span class=\"b-sht_event-latest__celllabel\">Prix: <\/span>185.00 CHF<\/td>\n\t\t\t\t\t\t\t<td class=\"b-sht_event-latest__entrymeta b-sht_event-latest__entrymeta--duration\"><span class=\"b-sht_event-latest__celllabel\">Dur&eacute;e: <\/span>2 h<\/td>\n\t\t\t\t\t\t\t<td class=\"b-sht_event-latest__entrymeta b-sht_event-latest__entrymeta--more\">\n\t\t\t\t\t\t\t\t\t\t\t\t\t\t\t\t\t<a class=\"b-sht_event-latest__entrytitlelink\" href=\"https:\/\/expertsuisse.ch\/de\/weiterbildungen\/2026\/09\/forum-unternehmenssteuerrecht-teil-2\/10614\">En d&eacute;tail<\/a>\n\t\t\t\t\t\t\t\t\t\t\t\t\t\t\t<\/td>\n\t\t\t\t\t\t<\/tr>\n\t\t\t\t\t\t\t\t\t\t\t\t<tr class=\"b-sht_event-latest__entry\">\n\t\t\t\t\t\t\t<td class=\"b-sht_event-latest__entrymeta b-sht_event-latest__entrymeta--start_date\"><span class=\"b-sht_event-latest__celllabel\">D&eacute;but: <\/span>10\/09\/2026<\/td>\n\t\t\t\t\t\t\t<td class=\"b-sht_event-latest__entrymeta b-sht_event-latest__entrymeta--title\">\n\t\t\t\t\t\t\t\t<h3 class=\"b-sht_event-latest__entrytitle\">\n\t\t\t\t\t\t\t\t\tNeue Z&uuml;rcher Steuerkonferenz (NZSK) 2026\t\t\t\t\t\t\t\t<\/h3>\n\t\t\t\t\t\t\t<\/td>\n\t\t\t\t\t\t\t<td class=\"b-sht_event-latest__entrymeta b-sht_event-latest__entrymeta--author\"><span class=\"b-sht_event-latest__celllabel\">\n\t\t\t\t\t\t\t\t\tOrganisateur: <\/span>\n\t\t\t\t\t\t\t\tCosmos Verlag (Fachmedien und Bildung)\t\t\t\t\t\t\t<\/td>\n\t\t\t\t\t\t\t<td class=\"b-sht_event-latest__entrymeta b-sht_event-latest__entrymeta--price\"><span class=\"b-sht_event-latest__celllabel\">Prix: <\/span>890.00 CHF<\/td>\n\t\t\t\t\t\t\t<td class=\"b-sht_event-latest__entrymeta b-sht_event-latest__entrymeta--duration\"><span class=\"b-sht_event-latest__celllabel\">Dur&eacute;e: <\/span>1 Tag <\/td>\n\t\t\t\t\t\t\t<td class=\"b-sht_event-latest__entrymeta b-sht_event-latest__entrymeta--more\">\n\t\t\t\t\t\t\t\t\t\t\t\t\t\t\t\t\t<a class=\"b-sht_event-latest__entrytitlelink\" href=\"https:\/\/www.nzsk.ch\">En d&eacute;tail<\/a>\n\t\t\t\t\t\t\t\t\t\t\t\t\t\t\t<\/td>\n\t\t\t\t\t\t<\/tr>\n\t\t\t\t\t\t\t\t\t\t\t\t<tr class=\"b-sht_event-latest__entry\">\n\t\t\t\t\t\t\t<td class=\"b-sht_event-latest__entrymeta b-sht_event-latest__entrymeta--start_date\"><span class=\"b-sht_event-latest__celllabel\">D&eacute;but: <\/span>10\/09\/2026<\/td>\n\t\t\t\t\t\t\t<td class=\"b-sht_event-latest__entrymeta b-sht_event-latest__entrymeta--title\">\n\t\t\t\t\t\t\t\t<h3 class=\"b-sht_event-latest__entrytitle\">\n\t\t\t\t\t\t\t\t\tForum pour les conseillers et les auditeurs de PME [Septembre]\t\t\t\t\t\t\t\t<\/h3>\n\t\t\t\t\t\t\t<\/td>\n\t\t\t\t\t\t\t<td class=\"b-sht_event-latest__entrymeta b-sht_event-latest__entrymeta--author\"><span class=\"b-sht_event-latest__celllabel\">\n\t\t\t\t\t\t\t\t\tOrganisateur: <\/span>\n\t\t\t\t\t\t\t\tEXPERTsuisse AG\t\t\t\t\t\t\t<\/td>\n\t\t\t\t\t\t\t<td class=\"b-sht_event-latest__entrymeta b-sht_event-latest__entrymeta--price\"><span class=\"b-sht_event-latest__celllabel\">Prix: <\/span>1,870.00 CHF<\/td>\n\t\t\t\t\t\t\t<td class=\"b-sht_event-latest__entrymeta b-sht_event-latest__entrymeta--duration\"><span class=\"b-sht_event-latest__celllabel\">Dur&eacute;e: <\/span>2 journ&eacute;es<\/td>\n\t\t\t\t\t\t\t<td class=\"b-sht_event-latest__entrymeta b-sht_event-latest__entrymeta--more\">\n\t\t\t\t\t\t\t\t\t\t\t\t\t\t\t\t\t<a class=\"b-sht_event-latest__entrytitlelink\" href=\"https:\/\/expertsuisse.ch\/de\/weiterbildungen\/2026\/09\/forum-pour-les-conseillers-et-les-auditeurs-de-pme\/10507\">En d&eacute;tail<\/a>\n\t\t\t\t\t\t\t\t\t\t\t\t\t\t\t<\/td>\n\t\t\t\t\t\t<\/tr>\n\t\t\t\t\t\t\t\t\t\t\t\t<tr class=\"b-sht_event-latest__entry\">\n\t\t\t\t\t\t\t<td class=\"b-sht_event-latest__entrymeta b-sht_event-latest__entrymeta--start_date\"><span class=\"b-sht_event-latest__celllabel\">D&eacute;but: <\/span>10\/09\/2026<\/td>\n\t\t\t\t\t\t\t<td class=\"b-sht_event-latest__entrymeta b-sht_event-latest__entrymeta--title\">\n\t\t\t\t\t\t\t\t<h3 class=\"b-sht_event-latest__entrytitle\">\n\t\t\t\t\t\t\t\t\tFusion: Arten, steuerliche Aspekte, Revision\t\t\t\t\t\t\t\t<\/h3>\n\t\t\t\t\t\t\t<\/td>\n\t\t\t\t\t\t\t<td class=\"b-sht_event-latest__entrymeta b-sht_event-latest__entrymeta--author\"><span class=\"b-sht_event-latest__celllabel\">\n\t\t\t\t\t\t\t\t\tOrganisateur: <\/span>\n\t\t\t\t\t\t\t\tTREUHAND|SUISSE Sektion Z&uuml;rich Sektion Z&uuml;rich\t\t\t\t\t\t\t<\/td>\n\t\t\t\t\t\t\t<td class=\"b-sht_event-latest__entrymeta b-sht_event-latest__entrymeta--price\"><span class=\"b-sht_event-latest__celllabel\">Prix: <\/span>390.00 CHF<\/td>\n\t\t\t\t\t\t\t<td class=\"b-sht_event-latest__entrymeta b-sht_event-latest__entrymeta--duration\"><span class=\"b-sht_event-latest__celllabel\">Dur&eacute;e: <\/span>1\/2 Tag<\/td>\n\t\t\t\t\t\t\t<td class=\"b-sht_event-latest__entrymeta b-sht_event-latest__entrymeta--more\">\n\t\t\t\t\t\t\t\t\t\t\t\t\t\t\t\t\t<a class=\"b-sht_event-latest__entrytitlelink\" href=\"https:\/\/www.treuhandsuisse-zh.ch\/education\/2026-fusionen-arten-steuerliche-aspekte-revision\">En d&eacute;tail<\/a>\n\t\t\t\t\t\t\t\t\t\t\t\t\t\t\t<\/td>\n\t\t\t\t\t\t<\/tr>\n\t\t\t\t\t\t\t\t\t\t\t\t<tr class=\"b-sht_event-latest__entry\">\n\t\t\t\t\t\t\t<td class=\"b-sht_event-latest__entrymeta b-sht_event-latest__entrymeta--start_date\"><span class=\"b-sht_event-latest__celllabel\">D&eacute;but: <\/span>15\/09\/2026<\/td>\n\t\t\t\t\t\t\t<td class=\"b-sht_event-latest__entrymeta b-sht_event-latest__entrymeta--title\">\n\t\t\t\t\t\t\t\t<h3 class=\"b-sht_event-latest__entrytitle\">\n\t\t\t\t\t\t\t\t\tEXPERTsuisse Forum Unternehmenssteuerrecht &ndash; Teil 3 &ndash; online\t\t\t\t\t\t\t\t<\/h3>\n\t\t\t\t\t\t\t<\/td>\n\t\t\t\t\t\t\t<td class=\"b-sht_event-latest__entrymeta b-sht_event-latest__entrymeta--author\"><span class=\"b-sht_event-latest__celllabel\">\n\t\t\t\t\t\t\t\t\tOrganisateur: <\/span>\n\t\t\t\t\t\t\t\tEXPERTsuisse AG\t\t\t\t\t\t\t<\/td>\n\t\t\t\t\t\t\t<td class=\"b-sht_event-latest__entrymeta b-sht_event-latest__entrymeta--price\"><span class=\"b-sht_event-latest__celllabel\">Prix: <\/span>185.00 CHF<\/td>\n\t\t\t\t\t\t\t<td class=\"b-sht_event-latest__entrymeta b-sht_event-latest__entrymeta--duration\"><span class=\"b-sht_event-latest__celllabel\">Dur&eacute;e: <\/span>2 h<\/td>\n\t\t\t\t\t\t\t<td class=\"b-sht_event-latest__entrymeta b-sht_event-latest__entrymeta--more\">\n\t\t\t\t\t\t\t\t\t\t\t\t\t\t\t\t\t<a class=\"b-sht_event-latest__entrytitlelink\" href=\"https:\/\/expertsuisse.ch\/de\/weiterbildungen\/2026\/09\/forum-unternehmenssteuerrecht-teil-3\/10615\">En d&eacute;tail<\/a>\n\t\t\t\t\t\t\t\t\t\t\t\t\t\t\t<\/td>\n\t\t\t\t\t\t<\/tr>\n\t\t\t\t\t\t\t\t\t\t\t\t<tr class=\"b-sht_event-latest__entry\">\n\t\t\t\t\t\t\t<td class=\"b-sht_event-latest__entrymeta b-sht_event-latest__entrymeta--start_date\"><span class=\"b-sht_event-latest__celllabel\">D&eacute;but: <\/span>15\/09\/2026<\/td>\n\t\t\t\t\t\t\t<td class=\"b-sht_event-latest__entrymeta b-sht_event-latest__entrymeta--title\">\n\t\t\t\t\t\t\t\t<h3 class=\"b-sht_event-latest__entrytitle\">\n\t\t\t\t\t\t\t\t\tEXPERTsuisse Forum Unternehmenssteuerrecht &ndash; Teil 4 &ndash; online\t\t\t\t\t\t\t\t<\/h3>\n\t\t\t\t\t\t\t<\/td>\n\t\t\t\t\t\t\t<td class=\"b-sht_event-latest__entrymeta b-sht_event-latest__entrymeta--author\"><span class=\"b-sht_event-latest__celllabel\">\n\t\t\t\t\t\t\t\t\tOrganisateur: <\/span>\n\t\t\t\t\t\t\t\tEXPERTsuisse AG\t\t\t\t\t\t\t<\/td>\n\t\t\t\t\t\t\t<td class=\"b-sht_event-latest__entrymeta b-sht_event-latest__entrymeta--price\"><span class=\"b-sht_event-latest__celllabel\">Prix: <\/span>185.00 CHF<\/td>\n\t\t\t\t\t\t\t<td class=\"b-sht_event-latest__entrymeta b-sht_event-latest__entrymeta--duration\"><span class=\"b-sht_event-latest__celllabel\">Dur&eacute;e: <\/span>2 h<\/td>\n\t\t\t\t\t\t\t<td class=\"b-sht_event-latest__entrymeta b-sht_event-latest__entrymeta--more\">\n\t\t\t\t\t\t\t\t\t\t\t\t\t\t\t\t\t<a class=\"b-sht_event-latest__entrytitlelink\" href=\"https:\/\/expertsuisse.ch\/de\/weiterbildungen\/2026\/09\/forum-unternehmenssteuerrecht-teil-4\/10616\">En d&eacute;tail<\/a>\n\t\t\t\t\t\t\t\t\t\t\t\t\t\t\t<\/td>\n\t\t\t\t\t\t<\/tr>\n\t\t\t\t\t\t\t\t\t\t\t\t<tr class=\"b-sht_event-latest__entry\">\n\t\t\t\t\t\t\t<td class=\"b-sht_event-latest__entrymeta b-sht_event-latest__entrymeta--start_date\"><span class=\"b-sht_event-latest__celllabel\">D&eacute;but: <\/span>15\/09\/2026<\/td>\n\t\t\t\t\t\t\t<td class=\"b-sht_event-latest__entrymeta b-sht_event-latest__entrymeta--title\">\n\t\t\t\t\t\t\t\t<h3 class=\"b-sht_event-latest__entrytitle\">\n\t\t\t\t\t\t\t\t\tResponsabilit&eacute; l&eacute;gale des fiduciaires\t\t\t\t\t\t\t\t<\/h3>\n\t\t\t\t\t\t\t<\/td>\n\t\t\t\t\t\t\t<td class=\"b-sht_event-latest__entrymeta b-sht_event-latest__entrymeta--author\"><span class=\"b-sht_event-latest__celllabel\">\n\t\t\t\t\t\t\t\t\tOrganisateur: <\/span>\n\t\t\t\t\t\t\t\tTREUHAND|SUISSE Schweizerischer Treuh&auml;nderverband\t\t\t\t\t\t\t<\/td>\n\t\t\t\t\t\t\t<td class=\"b-sht_event-latest__entrymeta b-sht_event-latest__entrymeta--price\"><span class=\"b-sht_event-latest__celllabel\">Prix: <\/span>250.00 CHF<\/td>\n\t\t\t\t\t\t\t<td class=\"b-sht_event-latest__entrymeta b-sht_event-latest__entrymeta--duration\"><span class=\"b-sht_event-latest__celllabel\">Dur&eacute;e: <\/span>4 Std.<\/td>\n\t\t\t\t\t\t\t<td class=\"b-sht_event-latest__entrymeta b-sht_event-latest__entrymeta--more\">\n\t\t\t\t\t\t\t\t\t\t\t\t\t\t\t\t\t<a class=\"b-sht_event-latest__entrytitlelink\" href=\"https:\/\/www.fiduciairesuisse-ge.ch\/fr\/education\/2026-responsabilite-legale-des-fiduciaires\">En d&eacute;tail<\/a>\n\t\t\t\t\t\t\t\t\t\t\t\t\t\t\t<\/td>\n\t\t\t\t\t\t<\/tr>\n\t\t\t\t\t\t\t\t\t\t\t\t<tr class=\"b-sht_event-latest__entry\">\n\t\t\t\t\t\t\t<td class=\"b-sht_event-latest__entrymeta b-sht_event-latest__entrymeta--start_date\"><span class=\"b-sht_event-latest__celllabel\">D&eacute;but: <\/span>17\/09\/2026<\/td>\n\t\t\t\t\t\t\t<td class=\"b-sht_event-latest__entrymeta b-sht_event-latest__entrymeta--title\">\n\t\t\t\t\t\t\t\t<h3 class=\"b-sht_event-latest__entrytitle\">\n\t\t\t\t\t\t\t\t\tSteuern in der Abschlusspr&uuml;fung\t\t\t\t\t\t\t\t<\/h3>\n\t\t\t\t\t\t\t<\/td>\n\t\t\t\t\t\t\t<td class=\"b-sht_event-latest__entrymeta b-sht_event-latest__entrymeta--author\"><span class=\"b-sht_event-latest__celllabel\">\n\t\t\t\t\t\t\t\t\tOrganisateur: <\/span>\n\t\t\t\t\t\t\t\tEXPERTsuisse AG\t\t\t\t\t\t\t<\/td>\n\t\t\t\t\t\t\t<td class=\"b-sht_event-latest__entrymeta b-sht_event-latest__entrymeta--price\"><span class=\"b-sht_event-latest__celllabel\">Prix: <\/span>730.00 CHF<\/td>\n\t\t\t\t\t\t\t<td class=\"b-sht_event-latest__entrymeta b-sht_event-latest__entrymeta--duration\"><span class=\"b-sht_event-latest__celllabel\">Dur&eacute;e: <\/span>8 h<\/td>\n\t\t\t\t\t\t\t<td class=\"b-sht_event-latest__entrymeta b-sht_event-latest__entrymeta--more\">\n\t\t\t\t\t\t\t\t\t\t\t\t\t\t\t\t\t<a class=\"b-sht_event-latest__entrytitlelink\" href=\"https:\/\/expertsuisse.ch\/de\/bildung\/weiterbildung\/bildungsangebot?query=Abschlusspr%C3%BCfung&amp;topic%5B0%5D=Tax\">En d&eacute;tail<\/a>\n\t\t\t\t\t\t\t\t\t\t\t\t\t\t\t<\/td>\n\t\t\t\t\t\t<\/tr>\n\t\t\t\t\t\t\t\t\t\t\t\t<tr class=\"b-sht_event-latest__entry\">\n\t\t\t\t\t\t\t<td class=\"b-sht_event-latest__entrymeta b-sht_event-latest__entrymeta--start_date\"><span class=\"b-sht_event-latest__celllabel\">D&eacute;but: <\/span>17\/09\/2026<\/td>\n\t\t\t\t\t\t\t<td class=\"b-sht_event-latest__entrymeta b-sht_event-latest__entrymeta--title\">\n\t\t\t\t\t\t\t\t<h3 class=\"b-sht_event-latest__entrytitle\">\n\t\t\t\t\t\t\t\t\tSIFER &ndash; Lunch-Seminare 2026\t\t\t\t\t\t\t\t<\/h3>\n\t\t\t\t\t\t\t<\/td>\n\t\t\t\t\t\t\t<td class=\"b-sht_event-latest__entrymeta b-sht_event-latest__entrymeta--author\"><span class=\"b-sht_event-latest__celllabel\">\n\t\t\t\t\t\t\t\t\tOrganisateur: <\/span>\n\t\t\t\t\t\t\t\tTREUHAND|SUISSE Schweizerischer Treuh&auml;nderverband\t\t\t\t\t\t\t<\/td>\n\t\t\t\t\t\t\t<td class=\"b-sht_event-latest__entrymeta b-sht_event-latest__entrymeta--price\"><span class=\"b-sht_event-latest__celllabel\">Prix: <\/span>150.00 CHF<\/td>\n\t\t\t\t\t\t\t<td class=\"b-sht_event-latest__entrymeta b-sht_event-latest__entrymeta--duration\"><span class=\"b-sht_event-latest__celllabel\">Dur&eacute;e: <\/span>1 Std.<\/td>\n\t\t\t\t\t\t\t<td class=\"b-sht_event-latest__entrymeta b-sht_event-latest__entrymeta--more\">\n\t\t\t\t\t\t\t\t\t\t\t\t\t\t\t\t\t<a class=\"b-sht_event-latest__entrytitlelink\" href=\"https:\/\/www.treuhandsuisse.ch\/education\/2026-sifer-lunch-webinare-17092026\">En d&eacute;tail<\/a>\n\t\t\t\t\t\t\t\t\t\t\t\t\t\t\t<\/td>\n\t\t\t\t\t\t<\/tr>\n\t\t\t\t\t\t\t\t\t\t\t\t<tr class=\"b-sht_event-latest__entry\">\n\t\t\t\t\t\t\t<td class=\"b-sht_event-latest__entrymeta b-sht_event-latest__entrymeta--start_date\"><span class=\"b-sht_event-latest__celllabel\">D&eacute;but: <\/span>18\/09\/2026<\/td>\n\t\t\t\t\t\t\t<td class=\"b-sht_event-latest__entrymeta b-sht_event-latest__entrymeta--title\">\n\t\t\t\t\t\t\t\t<h3 class=\"b-sht_event-latest__entrytitle\">\n\t\t\t\t\t\t\t\t\tRevisions-Seminar\/Webinar\t\t\t\t\t\t\t\t<\/h3>\n\t\t\t\t\t\t\t<\/td>\n\t\t\t\t\t\t\t<td class=\"b-sht_event-latest__entrymeta b-sht_event-latest__entrymeta--author\"><span class=\"b-sht_event-latest__celllabel\">\n\t\t\t\t\t\t\t\t\tOrganisateur: <\/span>\n\t\t\t\t\t\t\t\tTREUHAND|SUISSE Schweizerischer Treuh&auml;nderverband\t\t\t\t\t\t\t<\/td>\n\t\t\t\t\t\t\t<td class=\"b-sht_event-latest__entrymeta b-sht_event-latest__entrymeta--price\"><span class=\"b-sht_event-latest__celllabel\">Prix: <\/span>480.00 CHF<\/td>\n\t\t\t\t\t\t\t<td class=\"b-sht_event-latest__entrymeta b-sht_event-latest__entrymeta--duration\"><span class=\"b-sht_event-latest__celllabel\">Dur&eacute;e: <\/span>4 Std.<\/td>\n\t\t\t\t\t\t\t<td class=\"b-sht_event-latest__entrymeta b-sht_event-latest__entrymeta--more\">\n\t\t\t\t\t\t\t\t\t\t\t\t\t\t\t\t\t<a class=\"b-sht_event-latest__entrytitlelink\" href=\"https:\/\/www.treuhandsuisse-bs.ch\/education\/2026-revisionwissen-revisions-seminarwebinar\">En d&eacute;tail<\/a>\n\t\t\t\t\t\t\t\t\t\t\t\t\t\t\t<\/td>\n\t\t\t\t\t\t<\/tr>\n\t\t\t\t\t\t\t\t\t\t\t\t<tr class=\"b-sht_event-latest__entry\">\n\t\t\t\t\t\t\t<td class=\"b-sht_event-latest__entrymeta b-sht_event-latest__entrymeta--start_date\"><span class=\"b-sht_event-latest__celllabel\">D&eacute;but: <\/span>18\/09\/2026<\/td>\n\t\t\t\t\t\t\t<td class=\"b-sht_event-latest__entrymeta b-sht_event-latest__entrymeta--title\">\n\t\t\t\t\t\t\t\t<h3 class=\"b-sht_event-latest__entrytitle\">\n\t\t\t\t\t\t\t\t\tRevisions-Seminar\/Webinar (REVISION|WISSEN)\t\t\t\t\t\t\t\t<\/h3>\n\t\t\t\t\t\t\t<\/td>\n\t\t\t\t\t\t\t<td class=\"b-sht_event-latest__entrymeta b-sht_event-latest__entrymeta--author\"><span class=\"b-sht_event-latest__celllabel\">\n\t\t\t\t\t\t\t\t\tOrganisateur: <\/span>\n\t\t\t\t\t\t\t\tTREUHAND|SUISSE Schweizerischer Treuh&auml;nderverband\t\t\t\t\t\t\t<\/td>\n\t\t\t\t\t\t\t<td class=\"b-sht_event-latest__entrymeta b-sht_event-latest__entrymeta--price\"><span class=\"b-sht_event-latest__celllabel\">Prix: <\/span>480.00 CHF<\/td>\n\t\t\t\t\t\t\t<td class=\"b-sht_event-latest__entrymeta b-sht_event-latest__entrymeta--duration\"><span class=\"b-sht_event-latest__celllabel\">Dur&eacute;e: <\/span>4 Std.<\/td>\n\t\t\t\t\t\t\t<td class=\"b-sht_event-latest__entrymeta b-sht_event-latest__entrymeta--more\">\n\t\t\t\t\t\t\t\t\t\t\t\t\t\t\t\t\t<a class=\"b-sht_event-latest__entrytitlelink\" href=\"https:\/\/www.treuhandsuisse-bs.ch\/education\/2026-revisionwissen-revisions-seminarwebinar\">En d&eacute;tail<\/a>\n\t\t\t\t\t\t\t\t\t\t\t\t\t\t\t<\/td>\n\t\t\t\t\t\t<\/tr>\n\t\t\t\t\t\t\t\t\t\t\t\t<tr class=\"b-sht_event-latest__entry\">\n\t\t\t\t\t\t\t<td class=\"b-sht_event-latest__entrymeta b-sht_event-latest__entrymeta--start_date\"><span class=\"b-sht_event-latest__celllabel\">D&eacute;but: <\/span>22\/09\/2026<\/td>\n\t\t\t\t\t\t\t<td class=\"b-sht_event-latest__entrymeta b-sht_event-latest__entrymeta--title\">\n\t\t\t\t\t\t\t\t<h3 class=\"b-sht_event-latest__entrytitle\">\n\t\t\t\t\t\t\t\t\tRevue de jurisprudence, pratique fiscale pour les personnes morales\t\t\t\t\t\t\t\t<\/h3>\n\t\t\t\t\t\t\t<\/td>\n\t\t\t\t\t\t\t<td class=\"b-sht_event-latest__entrymeta b-sht_event-latest__entrymeta--author\"><span class=\"b-sht_event-latest__celllabel\">\n\t\t\t\t\t\t\t\t\tOrganisateur: <\/span>\n\t\t\t\t\t\t\t\tTREUHAND|SUISSE Schweizerischer Treuh&auml;nderverband\t\t\t\t\t\t\t<\/td>\n\t\t\t\t\t\t\t<td class=\"b-sht_event-latest__entrymeta b-sht_event-latest__entrymeta--price\"><span class=\"b-sht_event-latest__celllabel\">Prix: <\/span>680.00 CHF<\/td>\n\t\t\t\t\t\t\t<td class=\"b-sht_event-latest__entrymeta b-sht_event-latest__entrymeta--duration\"><span class=\"b-sht_event-latest__celllabel\">Dur&eacute;e: <\/span>1 Jour<\/td>\n\t\t\t\t\t\t\t<td class=\"b-sht_event-latest__entrymeta b-sht_event-latest__entrymeta--more\">\n\t\t\t\t\t\t\t\t\t\t\t\t\t\t\t\t\t<a class=\"b-sht_event-latest__entrytitlelink\" href=\"https:\/\/www.fiduciairesuisse-vd.ch\/fr\/education\/2026-revue-de-jurisprudence-pratique-fiscale-pour-les-personnes-morales\">En d&eacute;tail<\/a>\n\t\t\t\t\t\t\t\t\t\t\t\t\t\t\t<\/td>\n\t\t\t\t\t\t<\/tr>\n\t\t\t\t\t\t\t\t\t\t\t\t<tr class=\"b-sht_event-latest__entry\">\n\t\t\t\t\t\t\t<td class=\"b-sht_event-latest__entrymeta b-sht_event-latest__entrymeta--start_date\"><span class=\"b-sht_event-latest__celllabel\">D&eacute;but: <\/span>22\/09\/2026<\/td>\n\t\t\t\t\t\t\t<td class=\"b-sht_event-latest__entrymeta b-sht_event-latest__entrymeta--title\">\n\t\t\t\t\t\t\t\t<h3 class=\"b-sht_event-latest__entrytitle\">\n\t\t\t\t\t\t\t\t\tRevue de jurisprudence, pratique fiscale pour les personnes morales\t\t\t\t\t\t\t\t<\/h3>\n\t\t\t\t\t\t\t<\/td>\n\t\t\t\t\t\t\t<td class=\"b-sht_event-latest__entrymeta b-sht_event-latest__entrymeta--author\"><span class=\"b-sht_event-latest__celllabel\">\n\t\t\t\t\t\t\t\t\tOrganisateur: <\/span>\n\t\t\t\t\t\t\t\tTREUHAND|SUISSE Schweizerischer Treuh&auml;nderverband\t\t\t\t\t\t\t<\/td>\n\t\t\t\t\t\t\t<td class=\"b-sht_event-latest__entrymeta b-sht_event-latest__entrymeta--price\"><span class=\"b-sht_event-latest__celllabel\">Prix: <\/span>680.00 CHF<\/td>\n\t\t\t\t\t\t\t<td class=\"b-sht_event-latest__entrymeta b-sht_event-latest__entrymeta--duration\"><span class=\"b-sht_event-latest__celllabel\">Dur&eacute;e: <\/span>8 Std.<\/td>\n\t\t\t\t\t\t\t<td class=\"b-sht_event-latest__entrymeta b-sht_event-latest__entrymeta--more\">\n\t\t\t\t\t\t\t\t\t\t\t\t\t\t\t\t\t<a class=\"b-sht_event-latest__entrytitlelink\" href=\"https:\/\/www.fiduciairesuisse-vd.ch\/fr\/education\/2026-revue-de-jurisprudence-pratique-fiscale-pour-les-personnes-morales\">En d&eacute;tail<\/a>\n\t\t\t\t\t\t\t\t\t\t\t\t\t\t\t<\/td>\n\t\t\t\t\t\t<\/tr>\n\t\t\t\t\t\t\t\t\t\t\t\t<tr class=\"b-sht_event-latest__entry\">\n\t\t\t\t\t\t\t<td class=\"b-sht_event-latest__entrymeta b-sht_event-latest__entrymeta--start_date\"><span class=\"b-sht_event-latest__celllabel\">D&eacute;but: <\/span>30\/09\/2026<\/td>\n\t\t\t\t\t\t\t<td class=\"b-sht_event-latest__entrymeta b-sht_event-latest__entrymeta--title\">\n\t\t\t\t\t\t\t\t<h3 class=\"b-sht_event-latest__entrytitle\">\n\t\t\t\t\t\t\t\t\tEinf&uuml;hrung ISQM-CH 1 und 2 im KMU -Umfeld\t\t\t\t\t\t\t\t<\/h3>\n\t\t\t\t\t\t\t<\/td>\n\t\t\t\t\t\t\t<td class=\"b-sht_event-latest__entrymeta b-sht_event-latest__entrymeta--author\"><span class=\"b-sht_event-latest__celllabel\">\n\t\t\t\t\t\t\t\t\tOrganisateur: <\/span>\n\t\t\t\t\t\t\t\tTREUHAND|SUISSE Schweizerischer Treuh&auml;nderverband\t\t\t\t\t\t\t<\/td>\n\t\t\t\t\t\t\t<td class=\"b-sht_event-latest__entrymeta b-sht_event-latest__entrymeta--price\"><span class=\"b-sht_event-latest__celllabel\">Prix: <\/span>490.00 CHF<\/td>\n\t\t\t\t\t\t\t<td class=\"b-sht_event-latest__entrymeta b-sht_event-latest__entrymeta--duration\"><span class=\"b-sht_event-latest__celllabel\">Dur&eacute;e: <\/span>4 Std.<\/td>\n\t\t\t\t\t\t\t<td class=\"b-sht_event-latest__entrymeta b-sht_event-latest__entrymeta--more\">\n\t\t\t\t\t\t\t\t\t\t\t\t\t\t\t\t\t<a class=\"b-sht_event-latest__entrytitlelink\" href=\"https:\/\/www.treuhandsuisse.ch\/education\/2026-einfuhrung-isqm-ch-1-und-2-im-kmu-umfeld-0\">En d&eacute;tail<\/a>\n\t\t\t\t\t\t\t\t\t\t\t\t\t\t\t<\/td>\n\t\t\t\t\t\t<\/tr>\n\t\t\t\t\t\t\t\t\t\t\t\t<tr class=\"b-sht_event-latest__entry\">\n\t\t\t\t\t\t\t<td class=\"b-sht_event-latest__entrymeta b-sht_event-latest__entrymeta--start_date\"><span class=\"b-sht_event-latest__celllabel\">D&eacute;but: <\/span>01\/10\/2026<\/td>\n\t\t\t\t\t\t\t<td class=\"b-sht_event-latest__entrymeta b-sht_event-latest__entrymeta--title\">\n\t\t\t\t\t\t\t\t<h3 class=\"b-sht_event-latest__entrytitle\">\n\t\t\t\t\t\t\t\t\tAspects choisis de l&rsquo;actualit&eacute; fiscale [s&eacute;minaire OREF conjoint]\t\t\t\t\t\t\t\t<\/h3>\n\t\t\t\t\t\t\t<\/td>\n\t\t\t\t\t\t\t<td class=\"b-sht_event-latest__entrymeta b-sht_event-latest__entrymeta--author\"><span class=\"b-sht_event-latest__celllabel\">\n\t\t\t\t\t\t\t\t\tOrganisateur: <\/span>\n\t\t\t\t\t\t\t\tEXPERTsuisse AG\t\t\t\t\t\t\t<\/td>\n\t\t\t\t\t\t\t<td class=\"b-sht_event-latest__entrymeta b-sht_event-latest__entrymeta--price\"><span class=\"b-sht_event-latest__celllabel\">Prix: <\/span>1,300.00 CHF<\/td>\n\t\t\t\t\t\t\t<td class=\"b-sht_event-latest__entrymeta b-sht_event-latest__entrymeta--duration\"><span class=\"b-sht_event-latest__celllabel\">Dur&eacute;e: <\/span>2 journ&eacute;es<\/td>\n\t\t\t\t\t\t\t<td class=\"b-sht_event-latest__entrymeta b-sht_event-latest__entrymeta--more\">\n\t\t\t\t\t\t\t\t\t\t\t\t\t\t\t\t\t<a class=\"b-sht_event-latest__entrytitlelink\" href=\"https:\/\/expertsuisse.ch\/de\/bildung\/weiterbildung\/bildungsangebot?query=oref&amp;category%5B0%5D=Seminar&amp;topic%5B0%5D=Tax\">En d&eacute;tail<\/a>\n\t\t\t\t\t\t\t\t\t\t\t\t\t\t\t<\/td>\n\t\t\t\t\t\t<\/tr>\n\t\t\t\t\t\t\t\t\t\t\t\t<tr class=\"b-sht_event-latest__entry\">\n\t\t\t\t\t\t\t<td class=\"b-sht_event-latest__entrymeta b-sht_event-latest__entrymeta--start_date\"><span class=\"b-sht_event-latest__celllabel\">D&eacute;but: <\/span>08\/10\/2026<\/td>\n\t\t\t\t\t\t\t<td class=\"b-sht_event-latest__entrymeta b-sht_event-latest__entrymeta--title\">\n\t\t\t\t\t\t\t\t<h3 class=\"b-sht_event-latest__entrytitle\">\n\t\t\t\t\t\t\t\t\tQuestions choisies en mati&egrave;re de proc&eacute;dure [&eacute;dition de Gen&egrave;ve]\t\t\t\t\t\t\t\t<\/h3>\n\t\t\t\t\t\t\t<\/td>\n\t\t\t\t\t\t\t<td class=\"b-sht_event-latest__entrymeta b-sht_event-latest__entrymeta--author\"><span class=\"b-sht_event-latest__celllabel\">\n\t\t\t\t\t\t\t\t\tOrganisateur: <\/span>\n\t\t\t\t\t\t\t\tEXPERTsuisse AG\t\t\t\t\t\t\t<\/td>\n\t\t\t\t\t\t\t<td class=\"b-sht_event-latest__entrymeta b-sht_event-latest__entrymeta--price\"><span class=\"b-sht_event-latest__celllabel\">Prix: <\/span>730.00 CHF<\/td>\n\t\t\t\t\t\t\t<td class=\"b-sht_event-latest__entrymeta b-sht_event-latest__entrymeta--duration\"><span class=\"b-sht_event-latest__celllabel\">Dur&eacute;e: <\/span>8 h<\/td>\n\t\t\t\t\t\t\t<td class=\"b-sht_event-latest__entrymeta b-sht_event-latest__entrymeta--more\">\n\t\t\t\t\t\t\t\t\t\t\t\t\t\t\t\t\t<a class=\"b-sht_event-latest__entrytitlelink\" href=\"https:\/\/expertsuisse.ch\/de\/weiterbildungen\/2026\/10\/questions-choisies-en-matiere-de-procedure-edition-de-geneve\/10698\">En d&eacute;tail<\/a>\n\t\t\t\t\t\t\t\t\t\t\t\t\t\t\t<\/td>\n\t\t\t\t\t\t<\/tr>\n\t\t\t\t\t\t\t\t\t\t\t\t<tr class=\"b-sht_event-latest__entry\">\n\t\t\t\t\t\t\t<td class=\"b-sht_event-latest__entrymeta b-sht_event-latest__entrymeta--start_date\"><span class=\"b-sht_event-latest__celllabel\">D&eacute;but: <\/span>13\/10\/2026<\/td>\n\t\t\t\t\t\t\t<td class=\"b-sht_event-latest__entrymeta b-sht_event-latest__entrymeta--title\">\n\t\t\t\t\t\t\t\t<h3 class=\"b-sht_event-latest__entrytitle\">\n\t\t\t\t\t\t\t\t\tSIFER &ndash; Lunch-Seminar: Nahestehende Personen und Aktion&auml;rsdarlehen\t\t\t\t\t\t\t\t<\/h3>\n\t\t\t\t\t\t\t<\/td>\n\t\t\t\t\t\t\t<td class=\"b-sht_event-latest__entrymeta b-sht_event-latest__entrymeta--author\"><span class=\"b-sht_event-latest__celllabel\">\n\t\t\t\t\t\t\t\t\tOrganisateur: <\/span>\n\t\t\t\t\t\t\t\tTREUHAND|SUISSE Schweizerischer Treuh&auml;nderverband\t\t\t\t\t\t\t<\/td>\n\t\t\t\t\t\t\t<td class=\"b-sht_event-latest__entrymeta b-sht_event-latest__entrymeta--price\"><span class=\"b-sht_event-latest__celllabel\">Prix: <\/span>150.00 CHF<\/td>\n\t\t\t\t\t\t\t<td class=\"b-sht_event-latest__entrymeta b-sht_event-latest__entrymeta--duration\"><span class=\"b-sht_event-latest__celllabel\">Dur&eacute;e: <\/span>1 Std.<\/td>\n\t\t\t\t\t\t\t<td class=\"b-sht_event-latest__entrymeta b-sht_event-latest__entrymeta--more\">\n\t\t\t\t\t\t\t\t\t\t\t\t\t\t\t\t\t<a class=\"b-sht_event-latest__entrytitlelink\" href=\"https:\/\/www.treuhandsuisse.ch\/education\/2026-sifer-lunch-webinare-13102026\">En d&eacute;tail<\/a>\n\t\t\t\t\t\t\t\t\t\t\t\t\t\t\t<\/td>\n\t\t\t\t\t\t<\/tr>\n\t\t\t\t\t\t\t\t\t\t\t\t<tr class=\"b-sht_event-latest__entry\">\n\t\t\t\t\t\t\t<td class=\"b-sht_event-latest__entrymeta b-sht_event-latest__entrymeta--start_date\"><span class=\"b-sht_event-latest__celllabel\">D&eacute;but: <\/span>19\/10\/2026<\/td>\n\t\t\t\t\t\t\t<td class=\"b-sht_event-latest__entrymeta b-sht_event-latest__entrymeta--title\">\n\t\t\t\t\t\t\t\t<h3 class=\"b-sht_event-latest__entrytitle\">\n\t\t\t\t\t\t\t\t\tSIFER-Zertifikatskurs &laquo;Eingeschr&auml;nkte Revision&raquo;\t\t\t\t\t\t\t\t<\/h3>\n\t\t\t\t\t\t\t<\/td>\n\t\t\t\t\t\t\t<td class=\"b-sht_event-latest__entrymeta b-sht_event-latest__entrymeta--author\"><span class=\"b-sht_event-latest__celllabel\">\n\t\t\t\t\t\t\t\t\tOrganisateur: <\/span>\n\t\t\t\t\t\t\t\tTREUHAND|SUISSE Schweizerischer Treuh&auml;nderverband\t\t\t\t\t\t\t<\/td>\n\t\t\t\t\t\t\t<td class=\"b-sht_event-latest__entrymeta b-sht_event-latest__entrymeta--price\"><span class=\"b-sht_event-latest__celllabel\">Prix: <\/span>2,360.00 CHF<\/td>\n\t\t\t\t\t\t\t<td class=\"b-sht_event-latest__entrymeta b-sht_event-latest__entrymeta--duration\"><span class=\"b-sht_event-latest__celllabel\">Dur&eacute;e: <\/span>4 Tage<\/td>\n\t\t\t\t\t\t\t<td class=\"b-sht_event-latest__entrymeta b-sht_event-latest__entrymeta--more\">\n\t\t\t\t\t\t\t\t\t\t\t\t\t\t\t\t\t<a class=\"b-sht_event-latest__entrytitlelink\" href=\"https:\/\/www.treuhandsuisse.ch\/education\/2026-sifer-lehrgang-eingeschrankte-revision\">En d&eacute;tail<\/a>\n\t\t\t\t\t\t\t\t\t\t\t\t\t\t\t<\/td>\n\t\t\t\t\t\t<\/tr>\n\t\t\t\t\t\t\t\t\t\t\t\t<tr class=\"b-sht_event-latest__entry\">\n\t\t\t\t\t\t\t<td class=\"b-sht_event-latest__entrymeta b-sht_event-latest__entrymeta--start_date\"><span class=\"b-sht_event-latest__celllabel\">D&eacute;but: <\/span>29\/10\/2026<\/td>\n\t\t\t\t\t\t\t<td class=\"b-sht_event-latest__entrymeta b-sht_event-latest__entrymeta--title\">\n\t\t\t\t\t\t\t\t<h3 class=\"b-sht_event-latest__entrytitle\">\n\t\t\t\t\t\t\t\t\tCheck-list des risques fiscaux &ndash; imp&ocirc;ts directs et indirects\t\t\t\t\t\t\t\t<\/h3>\n\t\t\t\t\t\t\t<\/td>\n\t\t\t\t\t\t\t<td class=\"b-sht_event-latest__entrymeta b-sht_event-latest__entrymeta--author\"><span class=\"b-sht_event-latest__celllabel\">\n\t\t\t\t\t\t\t\t\tOrganisateur: <\/span>\n\t\t\t\t\t\t\t\tEXPERTsuisse AG\t\t\t\t\t\t\t<\/td>\n\t\t\t\t\t\t\t<td class=\"b-sht_event-latest__entrymeta b-sht_event-latest__entrymeta--price\"><span class=\"b-sht_event-latest__celllabel\">Prix: <\/span>390.00 CHF<\/td>\n\t\t\t\t\t\t\t<td class=\"b-sht_event-latest__entrymeta b-sht_event-latest__entrymeta--duration\"><span class=\"b-sht_event-latest__celllabel\">Dur&eacute;e: <\/span>4 h<\/td>\n\t\t\t\t\t\t\t<td class=\"b-sht_event-latest__entrymeta b-sht_event-latest__entrymeta--more\">\n\t\t\t\t\t\t\t\t\t\t\t\t\t\t\t\t\t<a class=\"b-sht_event-latest__entrytitlelink\" href=\"https:\/\/expertsuisse.ch\/de\/weiterbildungen\/2026\/10\/check-list-des-risques-fiscaux-impots-directs-et-indirects\/10681\">En d&eacute;tail<\/a>\n\t\t\t\t\t\t\t\t\t\t\t\t\t\t\t<\/td>\n\t\t\t\t\t\t<\/tr>\n\t\t\t\t\t\t\t\t\t\t\t\t<tr class=\"b-sht_event-latest__entry\">\n\t\t\t\t\t\t\t<td class=\"b-sht_event-latest__entrymeta b-sht_event-latest__entrymeta--start_date\"><span class=\"b-sht_event-latest__celllabel\">D&eacute;but: <\/span>30\/10\/2026<\/td>\n\t\t\t\t\t\t\t<td class=\"b-sht_event-latest__entrymeta b-sht_event-latest__entrymeta--title\">\n\t\t\t\t\t\t\t\t<h3 class=\"b-sht_event-latest__entrytitle\">\n\t\t\t\t\t\t\t\t\tInterkantonales Steuerseminar Nordwestschweiz\t\t\t\t\t\t\t\t<\/h3>\n\t\t\t\t\t\t\t<\/td>\n\t\t\t\t\t\t\t<td class=\"b-sht_event-latest__entrymeta b-sht_event-latest__entrymeta--author\"><span class=\"b-sht_event-latest__celllabel\">\n\t\t\t\t\t\t\t\t\tOrganisateur: <\/span>\n\t\t\t\t\t\t\t\tTREUHAND|SUISSE Schweizerischer Treuh&auml;nderverband\t\t\t\t\t\t\t<\/td>\n\t\t\t\t\t\t\t<td class=\"b-sht_event-latest__entrymeta b-sht_event-latest__entrymeta--price\"><span class=\"b-sht_event-latest__celllabel\">Prix: <\/span>680.00 CHF<\/td>\n\t\t\t\t\t\t\t<td class=\"b-sht_event-latest__entrymeta b-sht_event-latest__entrymeta--duration\"><span class=\"b-sht_event-latest__celllabel\">Dur&eacute;e: <\/span>1 Tag<\/td>\n\t\t\t\t\t\t\t<td class=\"b-sht_event-latest__entrymeta b-sht_event-latest__entrymeta--more\">\n\t\t\t\t\t\t\t\t\t\t\t\t\t\t\t\t\t<a class=\"b-sht_event-latest__entrytitlelink\" href=\"https:\/\/www.treuhandsuisse-bs.ch\/education\/2026-interkantonales-steuerseminar-nordwestschweiz\">En d&eacute;tail<\/a>\n\t\t\t\t\t\t\t\t\t\t\t\t\t\t\t<\/td>\n\t\t\t\t\t\t<\/tr>\n\t\t\t\t\t\t\t\t\t\t\t\t<tr class=\"b-sht_event-latest__entry\">\n\t\t\t\t\t\t\t<td class=\"b-sht_event-latest__entrymeta b-sht_event-latest__entrymeta--start_date\"><span class=\"b-sht_event-latest__celllabel\">D&eacute;but: <\/span>03\/11\/2026<\/td>\n\t\t\t\t\t\t\t<td class=\"b-sht_event-latest__entrymeta b-sht_event-latest__entrymeta--title\">\n\t\t\t\t\t\t\t\t<h3 class=\"b-sht_event-latest__entrytitle\">\n\t\t\t\t\t\t\t\t\tEXPERTsuisse Steuertagung (Bern oder online)\t\t\t\t\t\t\t\t<\/h3>\n\t\t\t\t\t\t\t<\/td>\n\t\t\t\t\t\t\t<td class=\"b-sht_event-latest__entrymeta b-sht_event-latest__entrymeta--author\"><span class=\"b-sht_event-latest__celllabel\">\n\t\t\t\t\t\t\t\t\tOrganisateur: <\/span>\n\t\t\t\t\t\t\t\tEXPERTsuisse AG\t\t\t\t\t\t\t<\/td>\n\t\t\t\t\t\t\t<td class=\"b-sht_event-latest__entrymeta b-sht_event-latest__entrymeta--price\"><span class=\"b-sht_event-latest__celllabel\">Prix: <\/span>910.00 CHF<\/td>\n\t\t\t\t\t\t\t<td class=\"b-sht_event-latest__entrymeta b-sht_event-latest__entrymeta--duration\"><span class=\"b-sht_event-latest__celllabel\">Dur&eacute;e: <\/span>1 Tag<\/td>\n\t\t\t\t\t\t\t<td class=\"b-sht_event-latest__entrymeta b-sht_event-latest__entrymeta--more\">\n\t\t\t\t\t\t\t\t\t\t\t\t\t\t\t\t\t<a class=\"b-sht_event-latest__entrytitlelink\" href=\"https:\/\/expertsuisse.ch\/steuertagung\">En d&eacute;tail<\/a>\n\t\t\t\t\t\t\t\t\t\t\t\t\t\t\t<\/td>\n\t\t\t\t\t\t<\/tr>\n\t\t\t\t\t\t\t\t\t\t\t\t<tr class=\"b-sht_event-latest__entry\">\n\t\t\t\t\t\t\t<td class=\"b-sht_event-latest__entrymeta b-sht_event-latest__entrymeta--start_date\"><span class=\"b-sht_event-latest__celllabel\">D&eacute;but: <\/span>03\/11\/2026<\/td>\n\t\t\t\t\t\t\t<td class=\"b-sht_event-latest__entrymeta b-sht_event-latest__entrymeta--title\">\n\t\t\t\t\t\t\t\t<h3 class=\"b-sht_event-latest__entrytitle\">\n\t\t\t\t\t\t\t\t\tCongr&egrave;s fiscal d&rsquo;EXPERTsuisse 2026\t\t\t\t\t\t\t\t<\/h3>\n\t\t\t\t\t\t\t<\/td>\n\t\t\t\t\t\t\t<td class=\"b-sht_event-latest__entrymeta b-sht_event-latest__entrymeta--author\"><span class=\"b-sht_event-latest__celllabel\">\n\t\t\t\t\t\t\t\t\tOrganisateur: <\/span>\n\t\t\t\t\t\t\t\tEXPERTsuisse AG\t\t\t\t\t\t\t<\/td>\n\t\t\t\t\t\t\t<td class=\"b-sht_event-latest__entrymeta b-sht_event-latest__entrymeta--price\"><span class=\"b-sht_event-latest__celllabel\">Prix: <\/span>910.00 CHF<\/td>\n\t\t\t\t\t\t\t<td class=\"b-sht_event-latest__entrymeta b-sht_event-latest__entrymeta--duration\"><span class=\"b-sht_event-latest__celllabel\">Dur&eacute;e: <\/span>8 h<\/td>\n\t\t\t\t\t\t\t<td class=\"b-sht_event-latest__entrymeta b-sht_event-latest__entrymeta--more\">\n\t\t\t\t\t\t\t\t\t\t\t\t\t\t\t\t\t<a class=\"b-sht_event-latest__entrytitlelink\" href=\"https:\/\/expertsuisse.ch\/congres-fiscal\">En d&eacute;tail<\/a>\n\t\t\t\t\t\t\t\t\t\t\t\t\t\t\t<\/td>\n\t\t\t\t\t\t<\/tr>\n\t\t\t\t\t\t\t\t\t\t\t\t<tr class=\"b-sht_event-latest__entry\">\n\t\t\t\t\t\t\t<td class=\"b-sht_event-latest__entrymeta b-sht_event-latest__entrymeta--start_date\"><span class=\"b-sht_event-latest__celllabel\">D&eacute;but: <\/span>05\/11\/2026<\/td>\n\t\t\t\t\t\t\t<td class=\"b-sht_event-latest__entrymeta b-sht_event-latest__entrymeta--title\">\n\t\t\t\t\t\t\t\t<h3 class=\"b-sht_event-latest__entrytitle\">\n\t\t\t\t\t\t\t\t\tLa TVA, pratique et actuelle [Fribourg]\t\t\t\t\t\t\t\t<\/h3>\n\t\t\t\t\t\t\t<\/td>\n\t\t\t\t\t\t\t<td class=\"b-sht_event-latest__entrymeta b-sht_event-latest__entrymeta--author\"><span class=\"b-sht_event-latest__celllabel\">\n\t\t\t\t\t\t\t\t\tOrganisateur: <\/span>\n\t\t\t\t\t\t\t\tEXPERTsuisse AG\t\t\t\t\t\t\t<\/td>\n\t\t\t\t\t\t\t<td class=\"b-sht_event-latest__entrymeta b-sht_event-latest__entrymeta--price\"><span class=\"b-sht_event-latest__celllabel\">Prix: <\/span>390.00 CHF<\/td>\n\t\t\t\t\t\t\t<td class=\"b-sht_event-latest__entrymeta b-sht_event-latest__entrymeta--duration\"><span class=\"b-sht_event-latest__celllabel\">Dur&eacute;e: <\/span>4 h<\/td>\n\t\t\t\t\t\t\t<td class=\"b-sht_event-latest__entrymeta b-sht_event-latest__entrymeta--more\">\n\t\t\t\t\t\t\t\t\t\t\t\t\t\t\t\t\t<a class=\"b-sht_event-latest__entrytitlelink\" href=\"https:\/\/expertsuisse.ch\/de\/weiterbildungen\/2026\/11\/la-tva-pratique-et-actuelle-fribourg\/10701\">En d&eacute;tail<\/a>\n\t\t\t\t\t\t\t\t\t\t\t\t\t\t\t<\/td>\n\t\t\t\t\t\t<\/tr>\n\t\t\t\t\t\t\t\t\t\t\t\t<tr class=\"b-sht_event-latest__entry\">\n\t\t\t\t\t\t\t<td class=\"b-sht_event-latest__entrymeta b-sht_event-latest__entrymeta--start_date\"><span class=\"b-sht_event-latest__celllabel\">D&eacute;but: <\/span>10\/11\/2026<\/td>\n\t\t\t\t\t\t\t<td class=\"b-sht_event-latest__entrymeta b-sht_event-latest__entrymeta--title\">\n\t\t\t\t\t\t\t\t<h3 class=\"b-sht_event-latest__entrytitle\">\n\t\t\t\t\t\t\t\t\tLa TVA, pratique et actuelle [Gen&egrave;ve]\t\t\t\t\t\t\t\t<\/h3>\n\t\t\t\t\t\t\t<\/td>\n\t\t\t\t\t\t\t<td class=\"b-sht_event-latest__entrymeta b-sht_event-latest__entrymeta--author\"><span class=\"b-sht_event-latest__celllabel\">\n\t\t\t\t\t\t\t\t\tOrganisateur: <\/span>\n\t\t\t\t\t\t\t\tEXPERTsuisse AG\t\t\t\t\t\t\t<\/td>\n\t\t\t\t\t\t\t<td class=\"b-sht_event-latest__entrymeta b-sht_event-latest__entrymeta--price\"><span class=\"b-sht_event-latest__celllabel\">Prix: <\/span>390.00 CHF<\/td>\n\t\t\t\t\t\t\t<td class=\"b-sht_event-latest__entrymeta b-sht_event-latest__entrymeta--duration\"><span class=\"b-sht_event-latest__celllabel\">Dur&eacute;e: <\/span>4 h<\/td>\n\t\t\t\t\t\t\t<td class=\"b-sht_event-latest__entrymeta b-sht_event-latest__entrymeta--more\">\n\t\t\t\t\t\t\t\t\t\t\t\t\t\t\t\t\t<a class=\"b-sht_event-latest__entrytitlelink\" href=\"https:\/\/expertsuisse.ch\/de\/weiterbildungen\/2026\/11\/la-tva-pratique-et-actuelle-geneve\/10702\">En d&eacute;tail<\/a>\n\t\t\t\t\t\t\t\t\t\t\t\t\t\t\t<\/td>\n\t\t\t\t\t\t<\/tr>\n\t\t\t\t\t\t\t\t\t\t\t\t<tr class=\"b-sht_event-latest__entry\">\n\t\t\t\t\t\t\t<td class=\"b-sht_event-latest__entrymeta b-sht_event-latest__entrymeta--start_date\"><span class=\"b-sht_event-latest__celllabel\">D&eacute;but: <\/span>12\/11\/2026<\/td>\n\t\t\t\t\t\t\t<td class=\"b-sht_event-latest__entrymeta b-sht_event-latest__entrymeta--title\">\n\t\t\t\t\t\t\t\t<h3 class=\"b-sht_event-latest__entrytitle\">\n\t\t\t\t\t\t\t\t\tAktuelle Fragen rund um den Lohnausweis\t\t\t\t\t\t\t\t<\/h3>\n\t\t\t\t\t\t\t<\/td>\n\t\t\t\t\t\t\t<td class=\"b-sht_event-latest__entrymeta b-sht_event-latest__entrymeta--author\"><span class=\"b-sht_event-latest__celllabel\">\n\t\t\t\t\t\t\t\t\tOrganisateur: <\/span>\n\t\t\t\t\t\t\t\tEXPERTsuisse AG\t\t\t\t\t\t\t<\/td>\n\t\t\t\t\t\t\t<td class=\"b-sht_event-latest__entrymeta b-sht_event-latest__entrymeta--price\"><span class=\"b-sht_event-latest__celllabel\">Prix: <\/span>730.00 CHF<\/td>\n\t\t\t\t\t\t\t<td class=\"b-sht_event-latest__entrymeta b-sht_event-latest__entrymeta--duration\"><span class=\"b-sht_event-latest__celllabel\">Dur&eacute;e: <\/span>8 h<\/td>\n\t\t\t\t\t\t\t<td class=\"b-sht_event-latest__entrymeta b-sht_event-latest__entrymeta--more\">\n\t\t\t\t\t\t\t\t\t\t\t\t\t\t\t\t\t<a class=\"b-sht_event-latest__entrytitlelink\" href=\"https:\/\/expertsuisse.ch\/de\/bildung\/weiterbildung\/bildungsangebot?query=rund%20um%20den&amp;topic%5B0%5D=Tax\">En d&eacute;tail<\/a>\n\t\t\t\t\t\t\t\t\t\t\t\t\t\t\t<\/td>\n\t\t\t\t\t\t<\/tr>\n\t\t\t\t\t\t\t\t\t\t\t\t<tr class=\"b-sht_event-latest__entry\">\n\t\t\t\t\t\t\t<td class=\"b-sht_event-latest__entrymeta b-sht_event-latest__entrymeta--start_date\"><span class=\"b-sht_event-latest__celllabel\">D&eacute;but: <\/span>12\/11\/2026<\/td>\n\t\t\t\t\t\t\t<td class=\"b-sht_event-latest__entrymeta b-sht_event-latest__entrymeta--title\">\n\t\t\t\t\t\t\t\t<h3 class=\"b-sht_event-latest__entrytitle\">\n\t\t\t\t\t\t\t\t\tLa TVA dans le domaine immobilier\t\t\t\t\t\t\t\t<\/h3>\n\t\t\t\t\t\t\t<\/td>\n\t\t\t\t\t\t\t<td class=\"b-sht_event-latest__entrymeta b-sht_event-latest__entrymeta--author\"><span class=\"b-sht_event-latest__celllabel\">\n\t\t\t\t\t\t\t\t\tOrganisateur: <\/span>\n\t\t\t\t\t\t\t\tEXPERTsuisse AG\t\t\t\t\t\t\t<\/td>\n\t\t\t\t\t\t\t<td class=\"b-sht_event-latest__entrymeta b-sht_event-latest__entrymeta--price\"><span class=\"b-sht_event-latest__celllabel\">Prix: <\/span>390.00 CHF<\/td>\n\t\t\t\t\t\t\t<td class=\"b-sht_event-latest__entrymeta b-sht_event-latest__entrymeta--duration\"><span class=\"b-sht_event-latest__celllabel\">Dur&eacute;e: <\/span>4 h<\/td>\n\t\t\t\t\t\t\t<td class=\"b-sht_event-latest__entrymeta b-sht_event-latest__entrymeta--more\">\n\t\t\t\t\t\t\t\t\t\t\t\t\t\t\t\t\t<a class=\"b-sht_event-latest__entrytitlelink\" href=\"https:\/\/expertsuisse.ch\/de\/weiterbildungen\/2026\/11\/la-tva-dans-le-domaine-immobilier\/10710\">En d&eacute;tail<\/a>\n\t\t\t\t\t\t\t\t\t\t\t\t\t\t\t<\/td>\n\t\t\t\t\t\t<\/tr>\n\t\t\t\t\t\t\t\t\t\t\t\t<tr class=\"b-sht_event-latest__entry\">\n\t\t\t\t\t\t\t<td class=\"b-sht_event-latest__entrymeta b-sht_event-latest__entrymeta--start_date\"><span class=\"b-sht_event-latest__celllabel\">D&eacute;but: <\/span>12\/11\/2026<\/td>\n\t\t\t\t\t\t\t<td class=\"b-sht_event-latest__entrymeta b-sht_event-latest__entrymeta--title\">\n\t\t\t\t\t\t\t\t<h3 class=\"b-sht_event-latest__entrytitle\">\n\t\t\t\t\t\t\t\t\tLa TVA, pratique et actuelle [Lausanne, avec ap&eacute;ro]\t\t\t\t\t\t\t\t<\/h3>\n\t\t\t\t\t\t\t<\/td>\n\t\t\t\t\t\t\t<td class=\"b-sht_event-latest__entrymeta b-sht_event-latest__entrymeta--author\"><span class=\"b-sht_event-latest__celllabel\">\n\t\t\t\t\t\t\t\t\tOrganisateur: <\/span>\n\t\t\t\t\t\t\t\tEXPERTsuisse AG\t\t\t\t\t\t\t<\/td>\n\t\t\t\t\t\t\t<td class=\"b-sht_event-latest__entrymeta b-sht_event-latest__entrymeta--price\"><span class=\"b-sht_event-latest__celllabel\">Prix: <\/span>390.00 CHF<\/td>\n\t\t\t\t\t\t\t<td class=\"b-sht_event-latest__entrymeta b-sht_event-latest__entrymeta--duration\"><span class=\"b-sht_event-latest__celllabel\">Dur&eacute;e: <\/span>4 h<\/td>\n\t\t\t\t\t\t\t<td class=\"b-sht_event-latest__entrymeta b-sht_event-latest__entrymeta--more\">\n\t\t\t\t\t\t\t\t\t\t\t\t\t\t\t\t\t<a class=\"b-sht_event-latest__entrytitlelink\" href=\"https:\/\/expertsuisse.ch\/de\/weiterbildungen\/2026\/11\/la-tva-pratique-et-actuelle-lausanne-avec-apero\/10703\">En d&eacute;tail<\/a>\n\t\t\t\t\t\t\t\t\t\t\t\t\t\t\t<\/td>\n\t\t\t\t\t\t<\/tr>\n\t\t\t\t\t\t\t\t\t\t<\/tbody>\n\t\t\t<\/table>\n\t\t<\/div>\n\t\t\t<\/section><p class=\"has-text-align-center\">Pour prestataires: <a href=\"https:\/\/steuerportal.ch\/fr\/formations\/pour-prestataires\/\">Saisir un &eacute;v&eacute;nement<\/a><\/p>\n","protected":false},"excerpt":{"rendered":"<p>Formations Dans notre calendrier d&rsquo;&eacute;v&eacute;nements, vous trouverez des s&eacute;minaires, des conf&eacute;rences, des cours et des programmes d&rsquo;&eacute;tudes pour les personnes travaillant dans le secteur fiscal et fiduciaire. Le lien &laquo;&nbsp;En d&eacute;tail&nbsp;&raquo; vous m&egrave;nera au site web de l&rsquo;institution ou ouvrira un document PDF contenant des informations d&eacute;taill&eacute;es. Pour prestataires: Saisir un &eacute;v&eacute;nement Profils des&hellip;<\/p>\n","protected":false},"author":1,"featured_media":0,"parent":6909,"menu_order":1,"comment_status":"closed","ping_status":"closed","template":"","meta":{"_acf_changed":false,"footnotes":""},"class_list":["post-6910","page","type-page","status-publish","hentry"],"acf":[],"yoast_head":"<!-- This site is optimized with the Yoast SEO plugin v27.5 - https:\/\/yoast.com\/product\/yoast-seo-wordpress\/ -->\n<title>Aus- und Weiterbildung im Steuerrecht &#8226; Calendrier d\u2019\u00e9v\u00e9nements &#8226; steuerportal.ch<\/title>\n<meta name=\"description\" content=\"Aus- und Weiterbildung: Die wichtigsten Seminare, Kurse und Lehrg\u00e4nge zum Steuerrecht, zu Treuhand- sowie Finanzthemen in der praktischen \u00dcbersicht.\" \/>\n<meta name=\"robots\" content=\"index, follow, max-snippet:-1, max-image-preview:large, max-video-preview:-1\" \/>\n<link rel=\"canonical\" href=\"https:\/\/steuerportal.ch\/fr\/formations\/apercu\/\" \/>\n<meta property=\"og:locale\" content=\"fr_FR\" \/>\n<meta property=\"og:type\" content=\"article\" \/>\n<meta property=\"og:title\" content=\"Aus- und Weiterbildung im Steuerrecht &#8226; Calendrier d\u2019\u00e9v\u00e9nements &#8226; steuerportal.ch\" \/>\n<meta property=\"og:description\" content=\"Aus- und Weiterbildung: Die wichtigsten Seminare, Kurse und Lehrg\u00e4nge zum Steuerrecht, zu Treuhand- sowie Finanzthemen in der praktischen \u00dcbersicht.\" \/>\n<meta property=\"og:url\" content=\"https:\/\/steuerportal.ch\/fr\/formations\/apercu\/\" \/>\n<meta property=\"og:site_name\" content=\"steuerportal.ch\" \/>\n<meta property=\"article:modified_time\" content=\"2024-04-01T10:20:41+00:00\" \/>\n<meta name=\"twitter:card\" content=\"summary_large_image\" \/>\n<meta name=\"twitter:label1\" content=\"Dur\u00e9e de lecture estim\u00e9e\" \/>\n\t<meta name=\"twitter:data1\" content=\"1 minute\" \/>\n<script type=\"application\/ld+json\" class=\"yoast-schema-graph\">{\"@context\":\"https:\\\/\\\/schema.org\",\"@graph\":[{\"@type\":\"WebPage\",\"@id\":\"https:\\\/\\\/steuerportal.ch\\\/fr\\\/formations\\\/apercu\\\/\",\"url\":\"https:\\\/\\\/steuerportal.ch\\\/fr\\\/formations\\\/apercu\\\/\",\"name\":\"Aus- und Weiterbildung im Steuerrecht &#8226; Calendrier d\u2019\u00e9v\u00e9nements &#8226; steuerportal.ch\",\"isPartOf\":{\"@id\":\"https:\\\/\\\/steuerportal.ch\\\/fr\\\/#website\"},\"datePublished\":\"2019-10-27T12:23:29+00:00\",\"dateModified\":\"2024-04-01T10:20:41+00:00\",\"description\":\"Aus- und Weiterbildung: Die wichtigsten Seminare, Kurse und Lehrg\u00e4nge zum Steuerrecht, zu Treuhand- sowie Finanzthemen in der praktischen \u00dcbersicht.\",\"breadcrumb\":{\"@id\":\"https:\\\/\\\/steuerportal.ch\\\/fr\\\/formations\\\/apercu\\\/#breadcrumb\"},\"inLanguage\":\"fr-FR\",\"potentialAction\":[{\"@type\":\"ReadAction\",\"target\":[\"https:\\\/\\\/steuerportal.ch\\\/fr\\\/formations\\\/apercu\\\/\"]}]},{\"@type\":\"BreadcrumbList\",\"@id\":\"https:\\\/\\\/steuerportal.ch\\\/fr\\\/formations\\\/apercu\\\/#breadcrumb\",\"itemListElement\":[{\"@type\":\"ListItem\",\"position\":1,\"name\":\"Page d'accueil\",\"item\":\"https:\\\/\\\/steuerportal.ch\\\/fr\\\/\"},{\"@type\":\"ListItem\",\"position\":2,\"name\":\"Formations\",\"item\":\"https:\\\/\\\/steuerportal.ch\\\/fr\\\/formations\\\/\"},{\"@type\":\"ListItem\",\"position\":3,\"name\":\"Calendrier d\u2019\u00e9v\u00e9nements\"}]},{\"@type\":\"WebSite\",\"@id\":\"https:\\\/\\\/steuerportal.ch\\\/fr\\\/#website\",\"url\":\"https:\\\/\\\/steuerportal.ch\\\/fr\\\/\",\"name\":\"steuerportal.ch\",\"description\":\"Le portail suisse sp\u00e9cialis\u00e9 dans le domaine des imp\u00f4ts\",\"publisher\":{\"@id\":\"https:\\\/\\\/steuerportal.ch\\\/fr\\\/#organization\"},\"potentialAction\":[{\"@type\":\"SearchAction\",\"target\":{\"@type\":\"EntryPoint\",\"urlTemplate\":\"https:\\\/\\\/steuerportal.ch\\\/fr\\\/?s={search_term_string}\"},\"query-input\":{\"@type\":\"PropertyValueSpecification\",\"valueRequired\":true,\"valueName\":\"search_term_string\"}}],\"inLanguage\":\"fr-FR\"},{\"@type\":\"Organization\",\"@id\":\"https:\\\/\\\/steuerportal.ch\\\/fr\\\/#organization\",\"name\":\"Steuerportal (Cosmos Verlag)\",\"url\":\"https:\\\/\\\/steuerportal.ch\\\/fr\\\/\",\"logo\":{\"@type\":\"ImageObject\",\"inLanguage\":\"fr-FR\",\"@id\":\"https:\\\/\\\/steuerportal.ch\\\/fr\\\/#\\\/schema\\\/logo\\\/image\\\/\",\"url\":\"https:\\\/\\\/steuerportal.ch\\\/wp-content\\\/uploads\\\/2021\\\/06\\\/cosmos_c-strich_h_positiv_bunt.svg\",\"contentUrl\":\"https:\\\/\\\/steuerportal.ch\\\/wp-content\\\/uploads\\\/2021\\\/06\\\/cosmos_c-strich_h_positiv_bunt.svg\",\"width\":191,\"height\":44,\"caption\":\"Steuerportal (Cosmos Verlag)\"},\"image\":{\"@id\":\"https:\\\/\\\/steuerportal.ch\\\/fr\\\/#\\\/schema\\\/logo\\\/image\\\/\"}}]}<\/script>\n<!-- \/ Yoast SEO plugin. -->","yoast_head_json":{"title":"Aus- und Weiterbildung im Steuerrecht &#8226; Calendrier d\u2019\u00e9v\u00e9nements &#8226; steuerportal.ch","description":"Aus- und Weiterbildung: Die wichtigsten Seminare, Kurse und Lehrg\u00e4nge zum Steuerrecht, zu Treuhand- sowie Finanzthemen in der praktischen \u00dcbersicht.","robots":{"index":"index","follow":"follow","max-snippet":"max-snippet:-1","max-image-preview":"max-image-preview:large","max-video-preview":"max-video-preview:-1"},"canonical":"https:\/\/steuerportal.ch\/fr\/formations\/apercu\/","og_locale":"fr_FR","og_type":"article","og_title":"Aus- und Weiterbildung im Steuerrecht &#8226; Calendrier d\u2019\u00e9v\u00e9nements &#8226; steuerportal.ch","og_description":"Aus- und Weiterbildung: Die wichtigsten Seminare, Kurse und Lehrg\u00e4nge zum Steuerrecht, zu Treuhand- sowie Finanzthemen in der praktischen \u00dcbersicht.","og_url":"https:\/\/steuerportal.ch\/fr\/formations\/apercu\/","og_site_name":"steuerportal.ch","article_modified_time":"2024-04-01T10:20:41+00:00","twitter_card":"summary_large_image","twitter_misc":{"Dur\u00e9e de lecture estim\u00e9e":"1 minute"},"schema":{"@context":"https:\/\/schema.org","@graph":[{"@type":"WebPage","@id":"https:\/\/steuerportal.ch\/fr\/formations\/apercu\/","url":"https:\/\/steuerportal.ch\/fr\/formations\/apercu\/","name":"Aus- und Weiterbildung im Steuerrecht &#8226; Calendrier d\u2019\u00e9v\u00e9nements &#8226; steuerportal.ch","isPartOf":{"@id":"https:\/\/steuerportal.ch\/fr\/#website"},"datePublished":"2019-10-27T12:23:29+00:00","dateModified":"2024-04-01T10:20:41+00:00","description":"Aus- und Weiterbildung: Die wichtigsten Seminare, Kurse und Lehrg\u00e4nge zum Steuerrecht, zu Treuhand- sowie Finanzthemen in der praktischen \u00dcbersicht.","breadcrumb":{"@id":"https:\/\/steuerportal.ch\/fr\/formations\/apercu\/#breadcrumb"},"inLanguage":"fr-FR","potentialAction":[{"@type":"ReadAction","target":["https:\/\/steuerportal.ch\/fr\/formations\/apercu\/"]}]},{"@type":"BreadcrumbList","@id":"https:\/\/steuerportal.ch\/fr\/formations\/apercu\/#breadcrumb","itemListElement":[{"@type":"ListItem","position":1,"name":"Page d'accueil","item":"https:\/\/steuerportal.ch\/fr\/"},{"@type":"ListItem","position":2,"name":"Formations","item":"https:\/\/steuerportal.ch\/fr\/formations\/"},{"@type":"ListItem","position":3,"name":"Calendrier d\u2019\u00e9v\u00e9nements"}]},{"@type":"WebSite","@id":"https:\/\/steuerportal.ch\/fr\/#website","url":"https:\/\/steuerportal.ch\/fr\/","name":"steuerportal.ch","description":"Le portail suisse sp\u00e9cialis\u00e9 dans le domaine des imp\u00f4ts","publisher":{"@id":"https:\/\/steuerportal.ch\/fr\/#organization"},"potentialAction":[{"@type":"SearchAction","target":{"@type":"EntryPoint","urlTemplate":"https:\/\/steuerportal.ch\/fr\/?s={search_term_string}"},"query-input":{"@type":"PropertyValueSpecification","valueRequired":true,"valueName":"search_term_string"}}],"inLanguage":"fr-FR"},{"@type":"Organization","@id":"https:\/\/steuerportal.ch\/fr\/#organization","name":"Steuerportal (Cosmos Verlag)","url":"https:\/\/steuerportal.ch\/fr\/","logo":{"@type":"ImageObject","inLanguage":"fr-FR","@id":"https:\/\/steuerportal.ch\/fr\/#\/schema\/logo\/image\/","url":"https:\/\/steuerportal.ch\/wp-content\/uploads\/2021\/06\/cosmos_c-strich_h_positiv_bunt.svg","contentUrl":"https:\/\/steuerportal.ch\/wp-content\/uploads\/2021\/06\/cosmos_c-strich_h_positiv_bunt.svg","width":191,"height":44,"caption":"Steuerportal (Cosmos Verlag)"},"image":{"@id":"https:\/\/steuerportal.ch\/fr\/#\/schema\/logo\/image\/"}}]}},"_links":{"self":[{"href":"https:\/\/steuerportal.ch\/fr\/wp-json\/wp\/v2\/pages\/6910","targetHints":{"allow":["GET"]}}],"collection":[{"href":"https:\/\/steuerportal.ch\/fr\/wp-json\/wp\/v2\/pages"}],"about":[{"href":"https:\/\/steuerportal.ch\/fr\/wp-json\/wp\/v2\/types\/page"}],"author":[{"embeddable":true,"href":"https:\/\/steuerportal.ch\/fr\/wp-json\/wp\/v2\/users\/1"}],"replies":[{"embeddable":true,"href":"https:\/\/steuerportal.ch\/fr\/wp-json\/wp\/v2\/comments?post=6910"}],"version-history":[{"count":23,"href":"https:\/\/steuerportal.ch\/fr\/wp-json\/wp\/v2\/pages\/6910\/revisions"}],"predecessor-version":[{"id":18381,"href":"https:\/\/steuerportal.ch\/fr\/wp-json\/wp\/v2\/pages\/6910\/revisions\/18381"}],"up":[{"embeddable":true,"href":"https:\/\/steuerportal.ch\/fr\/wp-json\/wp\/v2\/pages\/6909"}],"wp:attachment":[{"href":"https:\/\/steuerportal.ch\/fr\/wp-json\/wp\/v2\/media?parent=6910"}],"curies":[{"name":"wp","href":"https:\/\/api.w.org\/{rel}","templated":true}]}}